{"id":1481,"date":"2022-05-23T17:56:44","date_gmt":"2022-05-23T17:56:44","guid":{"rendered":"http:\/\/consultagto.iplaneg.net\/?page_id=1481"},"modified":"2022-06-09T19:46:04","modified_gmt":"2022-06-09T19:46:04","slug":"regionales","status":"publish","type":"page","link":"https:\/\/iplaneg.guanajuato.gob.mx\/seieg\/regionales\/","title":{"rendered":"regionales"},"content":{"rendered":"\t\t<div data-elementor-type=\"wp-page\" data-elementor-id=\"1481\" class=\"elementor elementor-1481\">\n\t\t\t\t\t\t<section class=\"elementor-section elementor-top-section elementor-element elementor-element-376eebb2 elementor-section-height-min-height elementor-section-items-stretch elementor-section-stretched elementor-section-boxed elementor-section-height-default exad-glass-effect-no exad-sticky-section-no\" data-id=\"376eebb2\" data-element_type=\"section\" data-e-type=\"section\" data-settings=\"{&quot;background_background&quot;:&quot;classic&quot;,&quot;stretch_section&quot;:&quot;section-stretched&quot;}\">\n\t\t\t\t\t\t\t<div class=\"elementor-background-overlay\"><\/div>\n\t\t\t\t\t\t\t<div class=\"elementor-container elementor-column-gap-no\">\n\t\t\t\t\t<div class=\"elementor-column elementor-col-100 elementor-top-column elementor-element elementor-element-34964ab1 exad-glass-effect-no exad-sticky-section-no\" data-id=\"34964ab1\" data-element_type=\"column\" data-e-type=\"column\">\n\t\t\t<div class=\"elementor-widget-wrap elementor-element-populated\">\n\t\t\t\t\t\t<div class=\"elementor-element elementor-element-6f0fdf7b exad-sticky-section-no exad-glass-effect-no elementor-widget elementor-widget-heading\" data-id=\"6f0fdf7b\" data-element_type=\"widget\" data-e-type=\"widget\" data-widget_type=\"heading.default\">\n\t\t\t\t<div class=\"elementor-widget-container\">\n\t\t\t\t\t<h1 class=\"elementor-heading-title elementor-size-default\">Regionales<\/h1>\t\t\t\t<\/div>\n\t\t\t\t<\/div>\n\t\t\t\t<section class=\"elementor-section elementor-inner-section elementor-element elementor-element-717cb280 animated-slow elementor-section-boxed elementor-section-height-default elementor-section-height-default exad-glass-effect-no exad-sticky-section-no elementor-invisible\" data-id=\"717cb280\" data-element_type=\"section\" data-e-type=\"section\" id=\"welcome\" data-settings=\"{&quot;animation&quot;:&quot;fadeIn&quot;,&quot;animation_delay&quot;:300}\">\n\t\t\t\t\t\t<div class=\"elementor-container elementor-column-gap-default\">\n\t\t\t\t\t<div class=\"elementor-column elementor-col-100 elementor-inner-column elementor-element elementor-element-b50cb4a exad-glass-effect-no exad-sticky-section-no\" data-id=\"b50cb4a\" data-element_type=\"column\" data-e-type=\"column\" data-settings=\"{&quot;background_background&quot;:&quot;classic&quot;}\">\n\t\t\t<div class=\"elementor-widget-wrap\">\n\t\t\t\t\t\t\t<\/div>\n\t\t<\/div>\n\t\t\t\t\t<\/div>\n\t\t<\/section>\n\t\t\t\t<div class=\"elementor-element elementor-element-2de7dfa2 envato-kit-97-down-arrow animated-slow elementor-view-default exad-sticky-section-no exad-glass-effect-no elementor-invisible elementor-widget elementor-widget-icon\" data-id=\"2de7dfa2\" data-element_type=\"widget\" data-e-type=\"widget\" data-settings=\"{&quot;_animation&quot;:&quot;fadeInDown&quot;,&quot;_animation_delay&quot;:1200}\" data-widget_type=\"icon.default\">\n\t\t\t\t<div class=\"elementor-widget-container\">\n\t\t\t\t\t\t\t<div class=\"elementor-icon-wrapper\">\n\t\t\t<a class=\"elementor-icon\" href=\"#welcome\">\n\t\t\t\t\t\t\t<i class=\"fa fa-arrow-down\" aria-hidden=\"true\"><\/i>\n\t\t\t\t\t\t<\/a>\n\t\t<\/div>\n\t\t\t\t\t\t<\/div>\n\t\t\t\t<\/div>\n\t\t\t\t\t<\/div>\n\t\t<\/div>\n\t\t\t\t\t<\/div>\n\t\t<\/section>\n\t\t\t\t<section class=\"elementor-section elementor-top-section elementor-element elementor-element-3123049e elementor-section-boxed elementor-section-height-default elementor-section-height-default exad-glass-effect-no exad-sticky-section-no\" data-id=\"3123049e\" data-element_type=\"section\" data-e-type=\"section\" data-settings=\"{&quot;background_background&quot;:&quot;classic&quot;}\">\n\t\t\t\t\t\t<div class=\"elementor-container elementor-column-gap-wider\">\n\t\t\t\t\t<div class=\"elementor-column elementor-col-100 elementor-top-column elementor-element elementor-element-68af860f exad-glass-effect-no exad-sticky-section-no\" data-id=\"68af860f\" data-element_type=\"column\" data-e-type=\"column\">\n\t\t\t<div class=\"elementor-widget-wrap elementor-element-populated\">\n\t\t\t\t\t\t<div class=\"elementor-element elementor-element-da1b7ef exad-sticky-section-no exad-glass-effect-no elementor-widget elementor-widget-text-editor\" data-id=\"da1b7ef\" data-element_type=\"widget\" data-e-type=\"widget\" data-widget_type=\"text-editor.default\">\n\t\t\t\t<div class=\"elementor-widget-container\">\n\t\t\t\t\t\t\t\t\t<p>Aquellos instrumentos que tienen el objetivo de definir los objetivos, metas, criterios, pol\u00edticas y estrategias; as\u00ed como los proyectos estrat\u00e9gicos y acciones prioritarias en un nivel macro, para generar un desarrollo equilibrado entre las distintas regiones que conforman al Estado.<\/p>\t\t\t\t\t\t\t\t<\/div>\n\t\t\t\t<\/div>\n\t\t\t\t\t<\/div>\n\t\t<\/div>\n\t\t\t\t\t<\/div>\n\t\t<\/section>\n\t\t\t\t<section class=\"elementor-section elementor-top-section elementor-element elementor-element-457001d1 elementor-section-full_width elementor-section-height-min-height elementor-section-items-stretch animated-slow elementor-section-height-default exad-glass-effect-no exad-sticky-section-no elementor-invisible\" data-id=\"457001d1\" data-element_type=\"section\" data-e-type=\"section\" data-settings=\"{&quot;background_background&quot;:&quot;classic&quot;,&quot;animation&quot;:&quot;fadeIn&quot;,&quot;animation_delay&quot;:300}\">\n\t\t\t\t\t\t<div class=\"elementor-container elementor-column-gap-default\">\n\t\t\t\t\t<div class=\"elementor-column elementor-col-100 elementor-top-column elementor-element elementor-element-4e50618b exad-glass-effect-no exad-sticky-section-no\" data-id=\"4e50618b\" data-element_type=\"column\" data-e-type=\"column\" data-settings=\"{&quot;background_background&quot;:&quot;classic&quot;}\">\n\t\t\t<div class=\"elementor-widget-wrap elementor-element-populated\">\n\t\t\t\t\t\t<div class=\"elementor-element elementor-element-725b578 exad-sticky-section-no exad-glass-effect-no elementor-widget elementor-widget-shortcode\" data-id=\"725b578\" data-element_type=\"widget\" data-e-type=\"widget\" data-widget_type=\"shortcode.default\">\n\t\t\t\t<div class=\"elementor-widget-container\">\n\t\t\t\t\t\t\t<div class=\"elementor-shortcode\">\n<table id=\"tablepress-11\" class=\"tablepress tablepress-id-11\">\n<thead>\n<tr class=\"row-1 odd\">\n\t<th class=\"column-1\"><b>Documento<\/b><\/th><th class=\"column-2\"><b\/><\/th><th class=\"column-3\"><b>A\u00f1o<\/b><\/th><th class=\"column-4\"><b>Documento<\/b><\/th><th class=\"column-5\"><b>Carta S\u00edntesis<\/b><\/th><th class=\"column-6\"><b>Capa SIG<\/b><\/th><th class=\"column-7\"><b>Ver Mapa<\/b><\/th>\n<\/tr>\n<\/thead>\n<tbody class=\"row-hover\">\n<tr class=\"row-2 even\">\n\t<td class=\"column-1\">Programa Regional de Ordenamiento Territorial de la Subregi\u00f3n 1<\/td><td class=\"column-2\"><b\/><\/td><td class=\"column-3\">2017<\/td><td class=\"column-4\"><a href=\"\/seieg\/wp-content\/uploads\/2022\/05\/programa_subregional_i_1496160759.pdf\" target=\"_blank\" rel=\"noopener\"><img decoding=\"async\" src=\"\/seieg\/wp-content\/uploads\/2020\/10\/img_pdf.png\"\/><\/a><a href=\"\/seieg\/wp-content\/uploads\/2022\/05\/Resumen_Ejecutivo_PROT_Sierra_Gorda_1496241320.pdf\" target=\"_blank\" rel=\"noopener\"><img decoding=\"async\" src=\"\/seieg\/wp-content\/uploads\/2020\/10\/img_pdf.png\"\/><\/a><a href=\"\/seieg\/wp-content\/uploads\/2022\/07\/PROT_SR_1.pdf\" target=\"_blank\" rel=\"noopener\"><img decoding=\"async\" src=\"\/seieg\/wp-content\/uploads\/2020\/10\/img_pdf.png\"\/><\/a><\/td><td class=\"column-5\"><\/td><td class=\"column-6\"><a href=\"\/seieg\/wp-content\/uploads\/2022\/05\/SIG_20170531T135937Z_001_1496241346.zip\" target=\"_blank\" rel=\"noopener\"><img decoding=\"async\" src=\"\/seieg\/wp-content\/uploads\/2020\/10\/img_pdf.png\"\/><\/a><\/td><td class=\"column-7\"><\/td>\n<\/tr>\n<tr class=\"row-3 odd\">\n\t<td class=\"column-1\"><span style=\"color: #042292;\">Programa Regional de Ordenamiento Territorial de la Subregi\u00f3n 2<\/span><\/td><td class=\"column-2\"><b\/><\/td><td class=\"column-3\"><span style=\"color: #042292;\">2017<\/span><\/td><td class=\"column-4\"><a href=\"\/seieg\/wp-content\/uploads\/2022\/05\/programa_subregional_ii_1496176507.pdf\" target=\"_blank\" rel=\"noopener\"><img decoding=\"async\" src=\"\/seieg\/wp-content\/uploads\/2020\/10\/img_pdf.png\"\/><\/a><a href=\"\/seieg\/wp-content\/uploads\/2022\/05\/Resumen_Ejecutivo_Chichimeca_270417_1496241381.pdf\" target=\"_blank\" rel=\"noopener\"><img decoding=\"async\" src=\"\/seieg\/wp-content\/uploads\/2020\/10\/img_pdf.png\"\/><\/a><a href=\"\/seieg\/wp-content\/uploads\/2022\/07\/PROT_SR_2.pdf\" target=\"_blank\" rel=\"noopener\"><img decoding=\"async\" src=\"\/seieg\/wp-content\/uploads\/2020\/10\/img_pdf.png\"\/><\/a><\/td><td class=\"column-5\"><\/td><td class=\"column-6\"><a href=\"\/seieg\/wp-content\/uploads\/2022\/05\/SIG_20170531T140017Z_001_1496241406.zip\" target=\"_blank\" rel=\"noopener\"><img decoding=\"async\" src=\"\/seieg\/wp-content\/uploads\/2022\/05\/imgzip.png\"\/><\/a><\/td><td class=\"column-7\"><\/td>\n<\/tr>\n<tr class=\"row-4 even\">\n\t<td class=\"column-1\">Programa Regional de Ordenamiento Territorial de la Subregi\u00f3n 3<\/td><td class=\"column-2\"><b\/><\/td><td class=\"column-3\">2017<\/td><td class=\"column-4\"><a href=\"\/seieg\/wp-content\/uploads\/2022\/05\/PO_70_2da__20170502_1532_16_SR3_1496241011.pdf\" target=\"_blank\" rel=\"noopener\"><img decoding=\"async\" src=\"\/seieg\/wp-content\/uploads\/2020\/10\/img_pdf.png\"\/><\/a><a href=\"\/seieg\/wp-content\/uploads\/2022\/05\/Resumen_Ejecutivo_PROT_Sierras_Gto_1496241076.pdf\" target=\"_blank\" rel=\"noopener\"><img decoding=\"async\" src=\"\/seieg\/wp-content\/uploads\/2020\/10\/img_pdf.png\"\/><\/a><a href=\"\/seieg\/wp-content\/uploads\/2022\/07\/PROT_SR_3.pdf\" target=\"_blank\" rel=\"noopener\"><img decoding=\"async\" src=\"\/seieg\/wp-content\/uploads\/2020\/10\/img_pdf.png\"\/><\/a><\/td><td class=\"column-5\"><\/td><td class=\"column-6\"><a href=\"\/seieg\/wp-content\/uploads\/2022\/05\/SIG_20170530T203248Z_001_1496241100.zip\" target=\"_blank\" rel=\"noopener\"><img decoding=\"async\" src=\"\/seieg\/wp-content\/uploads\/2022\/05\/imgzip.png\"\/><\/a><\/td><td class=\"column-7\"><\/td>\n<\/tr>\n<tr class=\"row-5 odd\">\n\t<td class=\"column-1\"><span style=\"color: #042292;\">Programa Regional de Ordenamiento Territorial de la Subregi\u00f3n 4<\/span><\/td><td class=\"column-2\"><b\/><\/td><td class=\"column-3\"><span style=\"color: #042292;\">2017<\/span><\/td><td class=\"column-4\"><a href=\"\/seieg\/wp-content\/uploads\/2022\/05\/PROT_SR4_1486680220.pdf\" target=\"_blank\" rel=\"noopener\"><img decoding=\"async\" src=\"\/seieg\/wp-content\/uploads\/2020\/10\/img_pdf.png\"\/><\/a><a href=\"\/seieg\/wp-content\/uploads\/2022\/05\/PO_16_2da_20170127_1403_9_1492724358.pdf\" target=\"_blank\" rel=\"noopener\"><img decoding=\"async\" src=\"\/seieg\/wp-content\/uploads\/2020\/10\/img_pdf.png\"\/><\/a><a href=\"\/seieg\/wp-content\/uploads\/2022\/07\/PROT_SR_4.pdf\" target=\"_blank\" rel=\"noopener\"><img decoding=\"async\" src=\"\/seieg\/wp-content\/uploads\/2020\/10\/img_pdf.png\"\/><\/a><\/td><td class=\"column-5\"><\/td><td class=\"column-6\"><a href=\"\/seieg\/wp-content\/uploads\/2022\/05\/PROT_SR4_1486680472.zip\" target=\"_blank\" rel=\"noopener\"><img decoding=\"async\" src=\"\/seieg\/wp-content\/uploads\/2022\/05\/imgzip.png\"\/><\/a><\/td><td class=\"column-7\"><\/td>\n<\/tr>\n<tr class=\"row-6 even\">\n\t<td class=\"column-1\"><span style=\"color: #042292;\">Programa Regional de Ordenamiento Territorial de la Subregi\u00f3n 5<\/span><\/td><td class=\"column-2\"><b\/><\/td><td class=\"column-3\"><span style=\"color: #042292;\">2017<\/span><\/td><td class=\"column-4\"><a href=\"\/seieg\/wp-content\/uploads\/2022\/05\/PROT_SR5_1486681016.pdf\" target=\"_blank\" rel=\"noopener\"><img decoding=\"async\" src=\"\/seieg\/wp-content\/uploads\/2020\/10\/img_pdf.png\"\/><\/a><a href=\"\/seieg\/wp-content\/uploads\/2022\/05\/PO_14_3ra_20170124_1614_17_1492724445.pdf\" target=\"_blank\" rel=\"noopener\"><img decoding=\"async\" src=\"\/seieg\/wp-content\/uploads\/2020\/10\/img_pdf.png\"\/><\/a><a href=\"\/seieg\/wp-content\/uploads\/2022\/07\/PROT_SR_5.pdf\" target=\"_blank\" rel=\"noopener\"><img decoding=\"async\" src=\"\/seieg\/wp-content\/uploads\/2020\/10\/img_pdf.png\"\/><\/a><\/td><td class=\"column-5\"><\/td><td class=\"column-6\"><a href=\"\/seieg\/wp-content\/uploads\/2022\/05\/PROT_SR5_1486681542.zip\" target=\"_blank\" rel=\"noopener\"><img decoding=\"async\" src=\"\/seieg\/wp-content\/uploads\/2022\/05\/imgzip.png\"\/><\/a><\/td><td class=\"column-7\"><\/td>\n<\/tr>\n<tr class=\"row-7 odd\">\n\t<td class=\"column-1\"><span style=\"color: #042292;\">Programa Regional de Ordenamiento Territorial de la Subregi\u00f3n 6<\/span><\/td><td class=\"column-2\"><b\/><\/td><td class=\"column-3\"><span style=\"color: #042292;\">2017<\/span><\/td><td class=\"column-4\"><a href=\"\/seieg\/wp-content\/uploads\/2022\/05\/Resumen_Ejecutivo_Irapauato_Salamanca_030517_1496241432.pdf\" target=\"_blank\" rel=\"noopener\"><img decoding=\"async\" src=\"\/seieg\/wp-content\/uploads\/2020\/10\/img_pdf.png\"\/><\/a><br \/>\n<a href=\"\/seieg\/wp-content\/uploads\/2022\/05\/programa_subregional_vi_1496176532.pdf\" target=\"_blank\" rel=\"noopener\"><img decoding=\"async\" src=\"\/seieg\/wp-content\/uploads\/2020\/10\/img_pdf.png\"\/><\/a><br \/>\n<a href=\"\/seieg\/wp-content\/uploads\/2022\/07\/PROT_SR_6.pdf\" target=\"_blank\" rel=\"noopener\"><img decoding=\"async\" src=\"\/seieg\/wp-content\/uploads\/2020\/10\/img_pdf.png\"\/><\/a><\/td><td class=\"column-5\"><\/td><td class=\"column-6\"><a href=\"\/seieg\/wp-content\/uploads\/2022\/05\/SIG_20170531T140109Z_001_1496241466.zip\" target=\"_blank\" rel=\"noopener\"><img decoding=\"async\" src=\"\/seieg\/wp-content\/uploads\/2020\/10\/img_pdf.png\"\/><\/a><\/td><td class=\"column-7\"><\/td>\n<\/tr>\n<tr class=\"row-8 even\">\n\t<td class=\"column-1\">Programa Regional de Ordenamiento Territorial de la Subregi\u00f3n 7<\/td><td class=\"column-2\"><b\/><\/td><td class=\"column-3\">2017<\/td><td class=\"column-4\"><a href=\"\/seieg\/wp-content\/uploads\/2022\/05\/PROT_SR7_1486681994.pdf\" target=\"_blank\" rel=\"noopener\"><img decoding=\"async\" src=\"\/seieg\/wp-content\/uploads\/2020\/10\/img_pdf.png\"\/><\/a><a href=\"\/seieg\/wp-content\/uploads\/2022\/05\/PO_16_2da_20170127_1403_9__1__1492724476.pdf\" target=\"_blank\" rel=\"noopener\"><img decoding=\"async\" src=\"\/seieg\/wp-content\/uploads\/2020\/10\/img_pdf.png\"\/><\/a><a href=\"\/seieg\/wp-content\/uploads\/2022\/07\/PROT_SR_7.pdf\" target=\"_blank\" rel=\"noopener\"><img decoding=\"async\" src=\"\/seieg\/wp-content\/uploads\/2020\/10\/img_pdf.png\"\/><\/a><\/td><td class=\"column-5\"><\/td><td class=\"column-6\"><a href=\"\/seieg\/wp-content\/uploads\/2022\/05\/PROT_SR7_1486740092.zip\" target=\"_blank\" rel=\"noopener\"><img decoding=\"async\" src=\"\/seieg\/wp-content\/uploads\/2022\/05\/imgzip.png\"\/><\/a><\/td><td class=\"column-7\"><\/td>\n<\/tr>\n<tr class=\"row-9 odd\">\n\t<td class=\"column-1\"><span style=\"color: #042292;\">Programa Regional de Ordenamiento Territorial de la Subregi\u00f3n 8<\/span><\/td><td class=\"column-2\"><b\/><\/td><td class=\"column-3\"><span style=\"color: #042292;\">2017<\/span><\/td><td class=\"column-4\"><a href=\"\/seieg\/wp-content\/uploads\/2022\/05\/PROT_SR8_1486741426.pdf\" target=\"_blank\" rel=\"noopener\"><img decoding=\"async\" src=\"\/seieg\/wp-content\/uploads\/2020\/10\/img_pdf.png\"\/><\/a><a href=\"\/seieg\/wp-content\/uploads\/2022\/05\/PO_14_4ta_Parte_20170124_1636_9_1492724507.pdf\" target=\"_blank\" rel=\"noopener\"><img decoding=\"async\" src=\"\/seieg\/wp-content\/uploads\/2020\/10\/img_pdf.png\"\/><\/a><a href=\"\/seieg\/wp-content\/uploads\/2022\/07\/PROT_SR_8.zip\" target=\"_blank\" rel=\"noopener\"><img decoding=\"async\" src=\"\/seieg\/wp-content\/uploads\/2022\/05\/imgzip.png\"\/><\/a><\/td><td class=\"column-5\"><\/td><td class=\"column-6\"><a href=\"\/seieg\/wp-content\/uploads\/2022\/05\/PROT_SR8_1486741580.zip\" target=\"_blank\" rel=\"noopener\"><img decoding=\"async\" src=\"\/seieg\/wp-content\/uploads\/2022\/05\/imgzip.png\"\/><\/a><\/td><td class=\"column-7\"><\/td>\n<\/tr>\n<tr class=\"row-10 even\">\n\t<td class=\"column-1\">Programa Regional de Ordenamiento Territorial de la Subregi\u00f3n 9<\/td><td class=\"column-2\"><b\/><\/td><td class=\"column-3\">2017<\/td><td class=\"column-4\"><a href=\"\/seieg\/wp-content\/uploads\/2022\/05\/PROT_SR9_1486742083.pdf\" target=\"_blank\" rel=\"noopener\"><img decoding=\"async\" src=\"\/seieg\/wp-content\/uploads\/2020\/10\/img_pdf.png\"\/><\/a><a href=\"\/seieg\/wp-content\/uploads\/2022\/05\/PO_16_3ra_20170127_1355_21_1492724556.pdf\" target=\"_blank\" rel=\"noopener\"><img decoding=\"async\" src=\"\/seieg\/wp-content\/uploads\/2020\/10\/img_pdf.png\"\/><\/a><a href=\"\/seieg\/wp-content\/uploads\/2022\/07\/PROT_SR_9.zip\" target=\"_blank\" rel=\"noopener\"><img decoding=\"async\" src=\"\/seieg\/wp-content\/uploads\/2022\/05\/imgzip.png\"\/><\/a><\/td><td class=\"column-5\"><\/td><td class=\"column-6\"><a href=\"\/seieg\/wp-content\/uploads\/2022\/05\/PROT_SR9_1486742142.zip\" target=\"_blank\" rel=\"noopener\"><img decoding=\"async\" src=\"\/seieg\/wp-content\/uploads\/2022\/05\/imgzip.png\"\/><\/a><\/td><td class=\"column-7\"><\/td>\n<\/tr>\n<tr class=\"row-11 odd\">\n\t<td class=\"column-1\">Programa Regional de Ordenamiento Territorial de la Subregi\u00f3n 10<\/td><td class=\"column-2\"><b\/><\/td><td class=\"column-3\">2017<\/td><td class=\"column-4\"><a href=\"\/seieg\/wp-content\/uploads\/2022\/05\/PROT_SR10_1486742470.pdf\" target=\"_blank\" rel=\"noopener\"><img decoding=\"async\" src=\"\/seieg\/wp-content\/uploads\/2020\/10\/img_pdf.png\"\/><\/a><a href=\"\/seieg\/wp-content\/uploads\/2022\/05\/PO_16_4ta_Parte_20170127_1714_22_1492724581.pdf\" target=\"_blank\" rel=\"noopener\"><img decoding=\"async\" src=\"\/seieg\/wp-content\/uploads\/2020\/10\/img_pdf.png\"\/><\/a><a href=\"\/seieg\/wp-content\/uploads\/2022\/07\/PROT_SR_10.pdf\" target=\"_blank\" rel=\"noopener\"><img decoding=\"async\" src=\"\/seieg\/wp-content\/uploads\/2020\/10\/img_pdf.png\"\/><\/a><\/td><td class=\"column-5\"><\/td><td class=\"column-6\"><a href=\"\/seieg\/wp-content\/uploads\/2025\/04\/uter_sr10.zip\" target=\"_blank\" rel=\"noopener\"><img decoding=\"async\" src=\"\/seieg\/wp-content\/uploads\/2022\/05\/imgzip.png\"\/><\/a><\/td><td class=\"column-7\"><\/td>\n<\/tr>\n<tr class=\"row-12 even\">\n\t<td class=\"column-1\">Programas Regionales del Estado de Guanajuato Visi\u00f3n 2018<\/td><td class=\"column-2\"><b\/><\/td><td class=\"column-3\">2015<\/td><td class=\"column-4\"><a href=\"\/seieg\/wp-content\/uploads\/2022\/05\/Programas__Regionales_2018_VA_1455033628.pdf\" target=\"_blank\" rel=\"noopener\"><img decoding=\"async\" src=\"\/seieg\/wp-content\/uploads\/2020\/10\/img_pdf.png\"\/><\/a><\/td><td class=\"column-5\"><\/td><td class=\"column-6\"><\/td><td class=\"column-7\"><\/td>\n<\/tr>\n<tr class=\"row-13 odd\">\n\t<td class=\"column-1\"><span style=\"color: #042292;\">Programa de Desarrollo de la Ruta de la Plata<\/span><\/td><td class=\"column-2\"><b\/><\/td><td class=\"column-3\"><span style=\"color: #042292;\">2010<\/span><\/td><td class=\"column-4\"><a href=\"\/seieg\/wp-content\/uploads\/2022\/05\/Sintesis_ejecutiva.pdf\" target=\"_blank\" rel=\"noopener\"><img decoding=\"async\" src=\"\/seieg\/wp-content\/uploads\/2020\/10\/img_pdf.png\"\/><\/a><\/td><td class=\"column-5\"><a href=\"\/seieg\/wp-content\/uploads\/2022\/05\/Mapa_E_1._Estrategia_general.jpg\" target=\"_blank\" rel=\"noopener\"><img decoding=\"async\" src=\"\/seieg\/wp-content\/uploads\/2022\/05\/imgjpg.png\"\/><\/a><\/td><td class=\"column-6\"><a href=\"\/seieg\/wp-content\/uploads\/2022\/05\/SIG-1.zip\" target=\"_blank\" rel=\"noopener\"><img decoding=\"async\" src=\"\/seieg\/wp-content\/uploads\/2022\/05\/imgzip.png\"\/><\/a><\/td><td class=\"column-7\"><\/td>\n<\/tr>\n<tr class=\"row-14 even\">\n\t<td class=\"column-1\">Plan Parcial de Ordenamiento Territorial para la Zona de Influencia de los Municipios de Salamanca, Juventino Rosas y Villagran<\/td><td class=\"column-2\"><b\/><\/td><td class=\"column-3\">2009<\/td><td class=\"column-4\"><a href=\"\/seieg\/wp-content\/uploads\/2022\/05\/PPOTE_SMCA_SCJV_VILL.pdf\" target=\"_blank\" rel=\"noopener\"><img decoding=\"async\" src=\"\/seieg\/wp-content\/uploads\/2020\/10\/img_pdf.png\"\/><\/a><\/td><td class=\"column-5\"><a href=\"\/seieg\/wp-content\/uploads\/2022\/05\/CS_REVERSO.pdf\" target=\"_blank\" rel=\"noopener\"><img decoding=\"async\" src=\"\/seieg\/wp-content\/uploads\/2020\/10\/img_pdf.png\"\/><\/a><a href=\"\/seieg\/wp-content\/uploads\/2022\/05\/CS_ANVERSO.pdf\" target=\"_blank\" rel=\"noopener\"><img decoding=\"async\" src=\"\/seieg\/wp-content\/uploads\/2020\/10\/img_pdf.png\"\/><\/a><\/td><td class=\"column-6\"><a href=\"\/seieg\/wp-content\/uploads\/2022\/05\/SIG_1374180403.zip\" target=\"_blank\" rel=\"noopener\"><img decoding=\"async\" src=\"\/seieg\/wp-content\/uploads\/2022\/05\/imgzip.png\"\/><\/a><\/td><td class=\"column-7\"><\/td>\n<\/tr>\n<tr class=\"row-15 odd\">\n\t<td class=\"column-1\"><span style=\"color: #042292;\">Programa Regional de Desarrollo Urbano para el Corredor de la Carretera Morelia-Salamanca<\/span><\/td><td class=\"column-2\"><b\/><\/td><td class=\"column-3\"><span style=\"color: #042292;\">2008<\/span><\/td><td class=\"column-4\"><a href=\"\/seieg\/wp-content\/uploads\/2022\/05\/PRDU_CC_MS.pdf\" target=\"_blank\" rel=\"noopener\"><img decoding=\"async\" src=\"\/seieg\/wp-content\/uploads\/2020\/10\/img_pdf.png\"\/><\/a><\/td><td class=\"column-5\"><a href=\"\/seieg\/wp-content\/uploads\/2022\/05\/POLITICAS.CORREDOR.MS_.jpg.png\" target=\"_blank\" rel=\"noopener\"><img decoding=\"async\" src=\"\/seieg\/wp-content\/uploads\/2022\/05\/imgjpg.png\"\/><\/a><a href=\"\/seieg\/wp-content\/uploads\/2022\/05\/POLITICAS.CORREDOR.MS_.jpg-1.png\" target=\"_blank\" rel=\"noopener\"><img decoding=\"async\" src=\"\/seieg\/wp-content\/uploads\/2022\/05\/imgjpg.png\"\/><\/a><\/td><td class=\"column-6\"><a href=\"\/seieg\/wp-content\/uploads\/2022\/05\/Estrategia_1374250717.zip\" target=\"_blank\" rel=\"noopener\"><img decoding=\"async\" src=\"\/seieg\/wp-content\/uploads\/2022\/05\/imgzip.png\"\/><\/a><\/td><td class=\"column-7\"><\/td>\n<\/tr>\n<tr class=\"row-16 even\">\n\t<td class=\"column-1\">Plan Regi\u00f3n I Noreste<\/td><td class=\"column-2\"><b\/><\/td><td class=\"column-3\">2008<\/td><td class=\"column-4\"><a href=\"\/seieg\/wp-content\/uploads\/2022\/05\/Plan_Region_I_Noreste.pdf\" target=\"_blank\" rel=\"noopener\"><img decoding=\"async\" src=\"\/seieg\/wp-content\/uploads\/2020\/10\/img_pdf.png\"\/><\/a><\/td><td class=\"column-5\"><a href=\"\/seieg\/wp-content\/uploads\/2022\/05\/ZA_RI-scaled.jpg\" target=\"_blank\" rel=\"noopener\"><img decoding=\"async\" src=\"\/seieg\/wp-content\/uploads\/2022\/05\/imgjpg.png\"\/><\/a><\/td><td class=\"column-6\"><a href=\"\/seieg\/wp-content\/uploads\/2022\/05\/SIG_1374250486.zip\" target=\"_blank\" rel=\"noopener\"><img decoding=\"async\" src=\"\/seieg\/wp-content\/uploads\/2022\/05\/imgzip.png\"\/><\/a><\/td><td class=\"column-7\"><\/td>\n<\/tr>\n<tr class=\"row-17 odd\">\n\t<td class=\"column-1\"><span style=\"color: #042292;\">Plan Regi\u00f3n III Centro<\/span><\/td><td class=\"column-2\"><b\/><\/td><td class=\"column-3\"><span style=\"color: #042292;\">2008<\/span><\/td><td class=\"column-4\"><a href=\"\/seieg\/wp-content\/uploads\/2022\/05\/Plan_Region_III_Centro.pdf\" target=\"_blank\" rel=\"noopener\"><img decoding=\"async\" src=\"\/seieg\/wp-content\/uploads\/2020\/10\/img_pdf.png\"\/><\/a><\/td><td class=\"column-5\"><a href=\"\/seieg\/wp-content\/uploads\/2022\/05\/ZA_RIII-scaled.jpg\" target=\"_blank\" rel=\"noopener\"><img decoding=\"async\" src=\"\/seieg\/wp-content\/uploads\/2022\/05\/imgjpg.png\"\/><\/a><\/td><td class=\"column-6\"><a href=\"\/seieg\/wp-content\/uploads\/2022\/05\/SIG_1374250540.zip\" target=\"_blank\" rel=\"noopener\"><img decoding=\"async\" src=\"\/seieg\/wp-content\/uploads\/2022\/05\/imgzip.png\"\/><\/a><\/td><td class=\"column-7\"><\/td>\n<\/tr>\n<tr class=\"row-18 even\">\n\t<td class=\"column-1\">Plan Regi\u00f3n II Noreste<\/td><td class=\"column-2\"><b\/><\/td><td class=\"column-3\">2008<\/td><td class=\"column-4\"><a href=\"\/seieg\/wp-content\/uploads\/2022\/05\/Plan_Region_II_Noroeste.pdf\" target=\"_blank\" rel=\"noopener\"><img decoding=\"async\" src=\"\/seieg\/wp-content\/uploads\/2020\/10\/img_pdf.png\"\/><\/a><\/td><td class=\"column-5\"><a href=\"\/seieg\/wp-content\/uploads\/2022\/05\/ZA_R2-scaled.jpg\" target=\"_blank\" rel=\"noopener\"><img decoding=\"async\" src=\"\/seieg\/wp-content\/uploads\/2022\/05\/imgjpg.png\"\/><\/a><\/td><td class=\"column-6\"><a href=\"\/seieg\/wp-content\/uploads\/2022\/05\/SIG_1374250518.zip\" target=\"_blank\" rel=\"noopener\"><img decoding=\"async\" src=\"\/seieg\/wp-content\/uploads\/2022\/05\/imgzip.png\"\/><\/a><\/td><td class=\"column-7\"><\/td>\n<\/tr>\n<tr class=\"row-19 odd\">\n\t<td class=\"column-1\"><span style=\"color: #042292;\">Plan Regi\u00f3n IV Sur<\/span><\/td><td class=\"column-2\"><b\/><\/td><td class=\"column-3\"><span style=\"color: #042292;\">2008<\/span><\/td><td class=\"column-4\"><a href=\"\/seieg\/wp-content\/uploads\/2022\/05\/Plan_Region_IV_Sur.pdf\" target=\"_blank\" rel=\"noopener\"><img decoding=\"async\" src=\"\/seieg\/wp-content\/uploads\/2020\/10\/img_pdf.png\"\/><\/a><\/td><td class=\"column-5\"><a href=\"\/seieg\/wp-content\/uploads\/2022\/05\/ZA_RIV-scaled.jpg\" target=\"_blank\" rel=\"noopener\"><img decoding=\"async\" src=\"\/seieg\/wp-content\/uploads\/2022\/05\/imgjpg.png\"\/><\/a><\/td><td class=\"column-6\"><a href=\"\/seieg\/wp-content\/uploads\/2022\/05\/SIG_1374250561.zip\" target=\"_blank\" rel=\"noopener\"><img decoding=\"async\" src=\"\/seieg\/wp-content\/uploads\/2022\/05\/imgzip.png\"\/><\/a><\/td><td class=\"column-7\"><\/td>\n<\/tr>\n<tr class=\"row-20 even\">\n\t<td class=\"column-1\">Programa de Desarrollo Regi\u00f3n III Centro-Oeste<\/td><td class=\"column-2\"><b\/><\/td><td class=\"column-3\">2002<\/td><td class=\"column-4\"><a href=\"\/seieg\/wp-content\/uploads\/2022\/05\/PDR_III.pdf\" target=\"_blank\" rel=\"noopener\"><img decoding=\"async\" src=\"\/seieg\/wp-content\/uploads\/2020\/10\/img_pdf.png\"\/><\/a><\/td><td class=\"column-5\"><\/td><td class=\"column-6\"><\/td><td class=\"column-7\"><\/td>\n<\/tr>\n<tr class=\"row-21 odd\">\n\t<td class=\"column-1\"><span style=\"color: #042292;\">Programa de Desarrollo Regi\u00f3n II Norte<\/span><\/td><td class=\"column-2\"><b\/><\/td><td class=\"column-3\"><span style=\"color: #042292;\">2002<\/span><\/td><td class=\"column-4\"><a href=\"\/seieg\/wp-content\/uploads\/2022\/05\/PDR_II.pdf\" target=\"_blank\" rel=\"noopener\"><img decoding=\"async\" src=\"\/seieg\/wp-content\/uploads\/2020\/10\/img_pdf.png\"\/><\/a><\/td><td class=\"column-5\"><\/td><td class=\"column-6\"><\/td><td class=\"column-7\"><\/td>\n<\/tr>\n<tr class=\"row-22 even\">\n\t<td class=\"column-1\">Programa de Desarrollo Regi\u00f3n I Noreste<\/td><td class=\"column-2\"><b\/><\/td><td class=\"column-3\">2002<\/td><td class=\"column-4\"><a href=\"\/seieg\/wp-content\/uploads\/2022\/05\/PDR_I.pdf\" target=\"_blank\" rel=\"noopener\"><img decoding=\"async\" src=\"\/seieg\/wp-content\/uploads\/2020\/10\/img_pdf.png\"\/><\/a><\/td><td class=\"column-5\"><\/td><td class=\"column-6\"><\/td><td class=\"column-7\"><\/td>\n<\/tr>\n<tr class=\"row-23 odd\">\n\t<td class=\"column-1\"><span style=\"color: #042292;\">Programa de Desarrollo Regi\u00f3n VI Centro-Este<\/span><\/td><td class=\"column-2\"><b\/><\/td><td class=\"column-3\"><span style=\"color: #042292;\">2002<\/span><\/td><td class=\"column-4\"><a href=\"\/seieg\/wp-content\/uploads\/2022\/05\/PDR_VI.pdf\" target=\"_blank\" rel=\"noopener\"><img decoding=\"async\" src=\"\/seieg\/wp-content\/uploads\/2020\/10\/img_pdf.png\"\/><\/a><\/td><td class=\"column-5\"><\/td><td class=\"column-6\"><\/td><td class=\"column-7\"><\/td>\n<\/tr>\n<tr class=\"row-24 even\">\n\t<td class=\"column-1\">Programa de Desarrollo Regi\u00f3n V Sur<\/td><td class=\"column-2\"><b\/><\/td><td class=\"column-3\">2002<\/td><td class=\"column-4\"><a href=\"\/seieg\/wp-content\/uploads\/2022\/05\/PDR_V.pdf\" target=\"_blank\" rel=\"noopener\"><img decoding=\"async\" src=\"\/seieg\/wp-content\/uploads\/2020\/10\/img_pdf.png\"\/><\/a><\/td><td class=\"column-5\"><\/td><td class=\"column-6\"><\/td><td class=\"column-7\"><\/td>\n<\/tr>\n<tr class=\"row-25 odd\">\n\t<td class=\"column-1\"><span style=\"color: #042292;\">Programa de Desarrollo REgi\u00f3n IV Suroeste<\/span><\/td><td class=\"column-2\"><b\/><\/td><td class=\"column-3\"><span style=\"color: #042292;\">2002<\/span><\/td><td class=\"column-4\"><a href=\"\/seieg\/wp-content\/uploads\/2022\/05\/PDR_IV.pdf\" target=\"_blank\" rel=\"noopener\"><img decoding=\"async\" src=\"\/seieg\/wp-content\/uploads\/2020\/10\/img_pdf.png\"\/><\/a><\/td><td class=\"column-5\"><\/td><td class=\"column-6\"><\/td><td class=\"column-7\"><\/td>\n<\/tr>\n<\/tbody>\n<\/table>\n<\/div>\n\t\t\t\t\t\t<\/div>\n\t\t\t\t<\/div>\n\t\t\t\t\t<\/div>\n\t\t<\/div>\n\t\t\t\t\t<\/div>\n\t\t<\/section>\n\t\t\t\t<\/div>\n\t\t","protected":false},"excerpt":{"rendered":"<p>Regionales Aquellos instrumentos que tienen el objetivo de definir los objetivos, metas, criterios, pol\u00edticas y estrategias; as\u00ed como los proyectos estrat\u00e9gicos y acciones prioritarias en un nivel macro, para generar un desarrollo equilibrado entre las distintas regiones que conforman al Estado.<\/p>\n","protected":false},"author":1,"featured_media":0,"parent":0,"menu_order":0,"comment_status":"closed","ping_status":"closed","template":"elementor_header_footer","meta":{"footnotes":""},"class_list":["post-1481","page","type-page","status-publish","hentry"],"_links":{"self":[{"href":"https:\/\/iplaneg.guanajuato.gob.mx\/seieg\/wp-json\/wp\/v2\/pages\/1481","targetHints":{"allow":["GET"]}}],"collection":[{"href":"https:\/\/iplaneg.guanajuato.gob.mx\/seieg\/wp-json\/wp\/v2\/pages"}],"about":[{"href":"https:\/\/iplaneg.guanajuato.gob.mx\/seieg\/wp-json\/wp\/v2\/types\/page"}],"author":[{"embeddable":true,"href":"https:\/\/iplaneg.guanajuato.gob.mx\/seieg\/wp-json\/wp\/v2\/users\/1"}],"replies":[{"embeddable":true,"href":"https:\/\/iplaneg.guanajuato.gob.mx\/seieg\/wp-json\/wp\/v2\/comments?post=1481"}],"version-history":[{"count":28,"href":"https:\/\/iplaneg.guanajuato.gob.mx\/seieg\/wp-json\/wp\/v2\/pages\/1481\/revisions"}],"predecessor-version":[{"id":1990,"href":"https:\/\/iplaneg.guanajuato.gob.mx\/seieg\/wp-json\/wp\/v2\/pages\/1481\/revisions\/1990"}],"wp:attachment":[{"href":"https:\/\/iplaneg.guanajuato.gob.mx\/seieg\/wp-json\/wp\/v2\/media?parent=1481"}],"curies":[{"name":"wp","href":"https:\/\/api.w.org\/{rel}","templated":true}]}}