{"id":1372,"date":"2022-05-19T18:06:23","date_gmt":"2022-05-19T18:06:23","guid":{"rendered":"http:\/\/consultagto.iplaneg.net\/?page_id=1372"},"modified":"2022-06-09T19:43:03","modified_gmt":"2022-06-09T19:43:03","slug":"estatales","status":"publish","type":"page","link":"https:\/\/iplaneg.guanajuato.gob.mx\/seieg\/estatales\/","title":{"rendered":"estatales"},"content":{"rendered":"\t\t<div data-elementor-type=\"wp-page\" data-elementor-id=\"1372\" class=\"elementor elementor-1372\">\n\t\t\t\t\t\t<section class=\"elementor-section elementor-top-section elementor-element elementor-element-67c7d1ce elementor-section-height-min-height elementor-section-items-stretch elementor-section-stretched elementor-section-boxed elementor-section-height-default exad-glass-effect-no exad-sticky-section-no\" data-id=\"67c7d1ce\" data-element_type=\"section\" data-e-type=\"section\" data-settings=\"{&quot;background_background&quot;:&quot;classic&quot;,&quot;stretch_section&quot;:&quot;section-stretched&quot;}\">\n\t\t\t\t\t\t\t<div class=\"elementor-background-overlay\"><\/div>\n\t\t\t\t\t\t\t<div class=\"elementor-container elementor-column-gap-no\">\n\t\t\t\t\t<div class=\"elementor-column elementor-col-100 elementor-top-column elementor-element elementor-element-156520a7 exad-glass-effect-no exad-sticky-section-no\" data-id=\"156520a7\" data-element_type=\"column\" data-e-type=\"column\">\n\t\t\t<div class=\"elementor-widget-wrap elementor-element-populated\">\n\t\t\t\t\t\t<div class=\"elementor-element elementor-element-7adc95d exad-sticky-section-no exad-glass-effect-no elementor-widget elementor-widget-heading\" data-id=\"7adc95d\" data-element_type=\"widget\" data-e-type=\"widget\" data-widget_type=\"heading.default\">\n\t\t\t\t<div class=\"elementor-widget-container\">\n\t\t\t\t\t<h1 class=\"elementor-heading-title elementor-size-default\">Estatales<\/h1>\t\t\t\t<\/div>\n\t\t\t\t<\/div>\n\t\t\t\t<section class=\"elementor-section elementor-inner-section elementor-element elementor-element-7c6ff536 animated-slow elementor-section-boxed elementor-section-height-default elementor-section-height-default exad-glass-effect-no exad-sticky-section-no elementor-invisible\" data-id=\"7c6ff536\" data-element_type=\"section\" data-e-type=\"section\" id=\"welcome\" data-settings=\"{&quot;animation&quot;:&quot;fadeIn&quot;,&quot;animation_delay&quot;:300}\">\n\t\t\t\t\t\t<div class=\"elementor-container elementor-column-gap-default\">\n\t\t\t\t\t<div class=\"elementor-column elementor-col-100 elementor-inner-column elementor-element elementor-element-4abdf748 exad-glass-effect-no exad-sticky-section-no\" data-id=\"4abdf748\" data-element_type=\"column\" data-e-type=\"column\" data-settings=\"{&quot;background_background&quot;:&quot;classic&quot;}\">\n\t\t\t<div class=\"elementor-widget-wrap\">\n\t\t\t\t\t\t\t<\/div>\n\t\t<\/div>\n\t\t\t\t\t<\/div>\n\t\t<\/section>\n\t\t\t\t<div class=\"elementor-element elementor-element-76ab1e6b envato-kit-97-down-arrow animated-slow elementor-view-default exad-sticky-section-no exad-glass-effect-no elementor-invisible elementor-widget elementor-widget-icon\" data-id=\"76ab1e6b\" data-element_type=\"widget\" data-e-type=\"widget\" data-settings=\"{&quot;_animation&quot;:&quot;fadeInDown&quot;,&quot;_animation_delay&quot;:1200}\" data-widget_type=\"icon.default\">\n\t\t\t\t<div class=\"elementor-widget-container\">\n\t\t\t\t\t\t\t<div class=\"elementor-icon-wrapper\">\n\t\t\t<a class=\"elementor-icon\" href=\"#welcome\">\n\t\t\t\t\t\t\t<i class=\"fa fa-arrow-down\" aria-hidden=\"true\"><\/i>\n\t\t\t\t\t\t<\/a>\n\t\t<\/div>\n\t\t\t\t\t\t<\/div>\n\t\t\t\t<\/div>\n\t\t\t\t\t<\/div>\n\t\t<\/div>\n\t\t\t\t\t<\/div>\n\t\t<\/section>\n\t\t\t\t<section class=\"elementor-section elementor-top-section elementor-element elementor-element-4fffe7a3 elementor-section-boxed elementor-section-height-default elementor-section-height-default exad-glass-effect-no exad-sticky-section-no\" data-id=\"4fffe7a3\" data-element_type=\"section\" data-e-type=\"section\" data-settings=\"{&quot;background_background&quot;:&quot;classic&quot;}\">\n\t\t\t\t\t\t<div class=\"elementor-container elementor-column-gap-wider\">\n\t\t\t\t\t<div class=\"elementor-column elementor-col-100 elementor-top-column elementor-element elementor-element-33b5ddfc exad-glass-effect-no exad-sticky-section-no\" data-id=\"33b5ddfc\" data-element_type=\"column\" data-e-type=\"column\">\n\t\t\t<div class=\"elementor-widget-wrap elementor-element-populated\">\n\t\t\t\t\t\t<div class=\"elementor-element elementor-element-a483d82 exad-sticky-section-no exad-glass-effect-no elementor-widget elementor-widget-text-editor\" data-id=\"a483d82\" data-element_type=\"widget\" data-e-type=\"widget\" data-widget_type=\"text-editor.default\">\n\t\t\t\t<div class=\"elementor-widget-container\">\n\t\t\t\t\t\t\t\t\t<p>Un programa estatal es el instrumento de planeaci\u00f3n con visi\u00f3n prospectiva de largo plazo, en el que se representa la dimensi\u00f3n territorial de los lineamientos y objetivos del Plan Estatal de Desarrollo y se establecen las pol\u00edticas generales en materia del crecimiento de los centros de poblaci\u00f3n, medio ambiente, actividades econ\u00f3micas y sociales, proyectos y programas..<\/p>\t\t\t\t\t\t\t\t<\/div>\n\t\t\t\t<\/div>\n\t\t\t\t\t<\/div>\n\t\t<\/div>\n\t\t\t\t\t<\/div>\n\t\t<\/section>\n\t\t\t\t<section class=\"elementor-section elementor-top-section elementor-element elementor-element-f9b2bf7 elementor-section-boxed elementor-section-height-default elementor-section-height-default exad-glass-effect-no exad-sticky-section-no\" data-id=\"f9b2bf7\" data-element_type=\"section\" data-e-type=\"section\" data-settings=\"{&quot;background_background&quot;:&quot;classic&quot;}\">\n\t\t\t\t\t\t<div class=\"elementor-container elementor-column-gap-wider\">\n\t\t\t\t\t<div class=\"elementor-column elementor-col-100 elementor-top-column elementor-element elementor-element-c3c147b exad-glass-effect-no exad-sticky-section-no\" data-id=\"c3c147b\" data-element_type=\"column\" data-e-type=\"column\">\n\t\t\t<div class=\"elementor-widget-wrap elementor-element-populated\">\n\t\t\t\t\t\t<div class=\"elementor-element elementor-element-2045763 exad-sticky-section-no exad-glass-effect-no elementor-widget elementor-widget-shortcode\" data-id=\"2045763\" data-element_type=\"widget\" data-e-type=\"widget\" data-widget_type=\"shortcode.default\">\n\t\t\t\t<div class=\"elementor-widget-container\">\n\t\t\t\t\t\t\t<div class=\"elementor-shortcode\">\n<table id=\"tablepress-10\" class=\"tablepress tablepress-id-10\">\n<thead>\n<tr class=\"row-1 odd\">\n\t<th class=\"column-1\"><b>Documento<\/b><\/th><th class=\"column-2\"><b\/><\/th><th class=\"column-3\"><b>A\u00f1o<\/b><\/th><th class=\"column-4\"><b>Documento<\/b><\/th><th class=\"column-5\"><b>Carta S\u00edntesis<\/b><\/th><th class=\"column-6\"><b>Capa SIG<\/b><\/th><th class=\"column-7\"><b>Ver Mapa<\/b><\/th>\n<\/tr>\n<\/thead>\n<tbody class=\"row-hover\">\n<tr class=\"row-2 even\">\n\t<td class=\"column-1\">Programa Institucional 2020-2024 de la Secretar\u00eda de Gobierno<\/td><td class=\"column-2\"><b\/><\/td><td class=\"column-3\">2025<\/td><td class=\"column-4\"><a href=\"\/seieg\/wp-content\/uploads\/2026\/01\/PI-SG-2020-2024.pdf\" target=\"_blank\" rel=\"noopener\"><img decoding=\"async\" src=\"\/seieg\/wp-content\/uploads\/2020\/10\/img_pdf.png\"\/><\/a><\/td><td class=\"column-5\"><\/td><td class=\"column-6\"><\/td><td class=\"column-7\"><\/td>\n<\/tr>\n<tr class=\"row-3 odd\">\n\t<td class=\"column-1\">Programa Institucional 2020-2024 de la Secretar\u00eda de Finanzas, Inversi\u00f3n y Administraci\u00f3n<\/td><td class=\"column-2\"><b\/><\/td><td class=\"column-3\">2025<\/td><td class=\"column-4\"><a href=\"\/seieg\/wp-content\/uploads\/2026\/01\/PI-SFIA-2020-2024.pdf\" target=\"_blank\" rel=\"noopener\"><img decoding=\"async\" src=\"\/seieg\/wp-content\/uploads\/2020\/10\/img_pdf.png\"\/><\/a><\/td><td class=\"column-5\"><\/td><td class=\"column-6\"><\/td><td class=\"column-7\"><\/td>\n<\/tr>\n<tr class=\"row-4 even\">\n\t<td class=\"column-1\">Programa Institucional 2020-2024 de la Secretar\u00eda de Educaci\u00f3n<\/td><td class=\"column-2\"><b\/><\/td><td class=\"column-3\">2025<\/td><td class=\"column-4\"><a href=\"\/seieg\/wp-content\/uploads\/2026\/01\/PI-SEG-2020-2024.pdf\" target=\"_blank\" rel=\"noopener\"><img decoding=\"async\" src=\"\/seieg\/wp-content\/uploads\/2020\/10\/img_pdf.png\"\/><\/a><\/td><td class=\"column-5\"><\/td><td class=\"column-6\"><\/td><td class=\"column-7\"><\/td>\n<\/tr>\n<tr class=\"row-5 odd\">\n\t<td class=\"column-1\">Programa Institucional 2020-2024 de la Secretar\u00eda de Desarrollo Social y Humano<\/td><td class=\"column-2\"><b\/><\/td><td class=\"column-3\">2025<\/td><td class=\"column-4\"><a href=\"\/seieg\/wp-content\/uploads\/2026\/01\/PI-SDSH-2020-2024.pdf\" target=\"_blank\" rel=\"noopener\"><img decoding=\"async\" src=\"\/seieg\/wp-content\/uploads\/2020\/10\/img_pdf.png\"\/><\/a><\/td><td class=\"column-5\"><\/td><td class=\"column-6\"><\/td><td class=\"column-7\"><\/td>\n<\/tr>\n<tr class=\"row-6 even\">\n\t<td class=\"column-1\">Programa Institucional 2020-2024 de la Secretar\u00eda de Salud<\/td><td class=\"column-2\"><b\/><\/td><td class=\"column-3\">2025<\/td><td class=\"column-4\"><a href=\"\/seieg\/wp-content\/uploads\/2026\/01\/PI-SS-2020-2024.pdf\" target=\"_blank\" rel=\"noopener\"><img decoding=\"async\" src=\"\/seieg\/wp-content\/uploads\/2020\/10\/img_pdf.png\"\/><\/a><\/td><td class=\"column-5\"><\/td><td class=\"column-6\"><\/td><td class=\"column-7\"><\/td>\n<\/tr>\n<tr class=\"row-7 odd\">\n\t<td class=\"column-1\">Programa Institucional 2020-2024 de la Secretar\u00eda de Desarrollo Econ\u00f3mico Sustentable<\/td><td class=\"column-2\"><b\/><\/td><td class=\"column-3\">2025<\/td><td class=\"column-4\"><a href=\"\/seieg\/wp-content\/uploads\/2026\/01\/PI-SDES-2020-2024.pdf\" target=\"_blank\" rel=\"noopener\"><img decoding=\"async\" src=\"\/seieg\/wp-content\/uploads\/2020\/10\/img_pdf.png\"\/><\/a><\/td><td class=\"column-5\"><\/td><td class=\"column-6\"><\/td><td class=\"column-7\"><\/td>\n<\/tr>\n<tr class=\"row-8 even\">\n\t<td class=\"column-1\">Programa Institucional 2020-2024 de la Secretar\u00eda de Desarrollo Agroalimentario y Rural<\/td><td class=\"column-2\"><b\/><\/td><td class=\"column-3\">2025<\/td><td class=\"column-4\"><a href=\"\/seieg\/wp-content\/uploads\/2026\/01\/PI-SDAYR-2020-2024.pdf\" target=\"_blank\" rel=\"noopener\"><img decoding=\"async\" src=\"\/seieg\/wp-content\/uploads\/2020\/10\/img_pdf.png\"\/><\/a><\/td><td class=\"column-5\"><\/td><td class=\"column-6\"><\/td><td class=\"column-7\"><\/td>\n<\/tr>\n<tr class=\"row-9 odd\">\n\t<td class=\"column-1\">Programa Institucional 2020-2024 de la Secretar\u00eda de Infraestructura, Conectividad y Movilidad<\/td><td class=\"column-2\"><b\/><\/td><td class=\"column-3\">2025<\/td><td class=\"column-4\"><a href=\"\/seieg\/wp-content\/uploads\/2026\/01\/PI-SICOM-2020-2024.pdf\" target=\"_blank\" rel=\"noopener\"><img decoding=\"async\" src=\"\/seieg\/wp-content\/uploads\/2020\/10\/img_pdf.png\"\/><\/a><\/td><td class=\"column-5\"><\/td><td class=\"column-6\"><\/td><td class=\"column-7\"><\/td>\n<\/tr>\n<tr class=\"row-10 even\">\n\t<td class=\"column-1\">Programa Institucional 2020-2024 de la Secretar\u00eda de Seguridad P\u00fablica<\/td><td class=\"column-2\"><b\/><\/td><td class=\"column-3\">2025<\/td><td class=\"column-4\"><a href=\"\/seieg\/wp-content\/uploads\/2026\/01\/PI-SSP-2020-2024.pdf\" target=\"_blank\" rel=\"noopener\"><img decoding=\"async\" src=\"\/seieg\/wp-content\/uploads\/2020\/10\/img_pdf.png\"\/><\/a><\/td><td class=\"column-5\"><\/td><td class=\"column-6\"><\/td><td class=\"column-7\"><\/td>\n<\/tr>\n<tr class=\"row-11 odd\">\n\t<td class=\"column-1\">Programa Institucional 2020-2024 de la Secretar\u00eda de la Transparencia y Rendici\u00f3n de Cuentas<\/td><td class=\"column-2\"><b\/><\/td><td class=\"column-3\">2025<\/td><td class=\"column-4\"><a href=\"\/seieg\/wp-content\/uploads\/2026\/01\/PI-STRC-2020-2024.pdf\" target=\"_blank\" rel=\"noopener\"><img decoding=\"async\" src=\"\/seieg\/wp-content\/uploads\/2020\/10\/img_pdf.png\"\/><\/a><\/td><td class=\"column-5\"><\/td><td class=\"column-6\"><\/td><td class=\"column-7\"><\/td>\n<\/tr>\n<tr class=\"row-12 even\">\n\t<td class=\"column-1\">Programa Institucional 2020-2024 de la Secretar\u00eda de Turismo<\/td><td class=\"column-2\"><b\/><\/td><td class=\"column-3\">2025<\/td><td class=\"column-4\"><a href=\"\/seieg\/wp-content\/uploads\/2026\/01\/PI-SECTUR-2020-2024.pdf\" target=\"_blank\" rel=\"noopener\"><img decoding=\"async\" src=\"\/seieg\/wp-content\/uploads\/2020\/10\/img_pdf.png\"\/><\/a><\/td><td class=\"column-5\"><\/td><td class=\"column-6\"><\/td><td class=\"column-7\"><\/td>\n<\/tr>\n<tr class=\"row-13 odd\">\n\t<td class=\"column-1\">Programa Institucional 2020-2024 de la Secretar\u00eda de Medio Ambiente y Ordenamiento Territorial<\/td><td class=\"column-2\"><b\/><\/td><td class=\"column-3\">2025<\/td><td class=\"column-4\"><a href=\"\/seieg\/wp-content\/uploads\/2026\/01\/PI-SMAOT-2020-2024.pdf\" target=\"_blank\" rel=\"noopener\"><img decoding=\"async\" src=\"\/seieg\/wp-content\/uploads\/2020\/10\/img_pdf.png\"\/><\/a><\/td><td class=\"column-5\"><\/td><td class=\"column-6\"><\/td><td class=\"column-7\"><\/td>\n<\/tr>\n<tr class=\"row-14 even\">\n\t<td class=\"column-1\">Programa Institucional 2020-2024 de la Secretar\u00eda del Migrante y Enlace Internacional<\/td><td class=\"column-2\"><b\/><\/td><td class=\"column-3\">2025<\/td><td class=\"column-4\"><a href=\"\/seieg\/wp-content\/uploads\/2026\/01\/PI-SMEI-2020-2024.pdf\" target=\"_blank\" rel=\"noopener\"><img decoding=\"async\" src=\"\/seieg\/wp-content\/uploads\/2020\/10\/img_pdf.png\"\/><\/a><\/td><td class=\"column-5\"><\/td><td class=\"column-6\"><\/td><td class=\"column-7\"><\/td>\n<\/tr>\n<tr class=\"row-15 odd\">\n\t<td class=\"column-1\">Programa Estatal de Protecci\u00f3n de Ni\u00f1as, Ni\u00f1os y Adolescentes del Estado de Guanajuato 2025-2030<\/td><td class=\"column-2\"><b\/><\/td><td class=\"column-3\">2025<\/td><td class=\"column-4\"><a href=\"\/seieg\/wp-content\/uploads\/2025\/12\/Programa-Proteccion-NNA.pdf\" target=\"_blank\" rel=\"noopener\"><img decoding=\"async\" src=\"\/seieg\/wp-content\/uploads\/2020\/10\/img_pdf.png\"\/><\/a><\/td><td class=\"column-5\"><\/td><td class=\"column-6\"><\/td><td class=\"column-7\"><\/td>\n<\/tr>\n<tr class=\"row-16 even\">\n\t<td class=\"column-1\">Programa de atenci\u00f3n integral a ni\u00f1as, ni\u00f1os y adolescentes, hijas e hijos de mujeres desaparecidas y v\u00edctimas de feminicidio<\/td><td class=\"column-2\"><b\/><\/td><td class=\"column-3\">2025<\/td><td class=\"column-4\"><a href=\"https:\/\/iplaneg.guanajuato.gob.mx\/seieg\/wp-content\/uploads\/2025\/12\/Programa_Atencion_Integral_2025.pdf\" target=\"_blank\" rel=\"noopener\"><img decoding=\"async\" src=\"\/seieg\/wp-content\/uploads\/2020\/10\/img_pdf.png\"\/><\/a><\/td><td class=\"column-5\"><\/td><td class=\"column-6\"><\/td><td class=\"column-7\"><\/td>\n<\/tr>\n<tr class=\"row-17 odd\">\n\t<td class=\"column-1\">Programa Sectorial Guanajuato es Confianza 2025-2030<\/td><td class=\"column-2\"><b\/><\/td><td class=\"column-3\">2025<\/td><td class=\"column-4\"><a href=\"https:\/\/iplaneg.guanajuato.gob.mx\/seieg\/wp-content\/uploads\/2025\/11\/PS-Guanajuato-es-Confianza-2025_2030.pdf\" target=\"_blank\" rel=\"noopener\"><img decoding=\"async\" src=\"\/seieg\/wp-content\/uploads\/2020\/10\/img_pdf.png\"\/><\/a><\/td><td class=\"column-5\"><\/td><td class=\"column-6\"><\/td><td class=\"column-7\"><\/td>\n<\/tr>\n<tr class=\"row-18 even\">\n\t<td class=\"column-1\">Programa Sectorial del Campo 2025-2030<\/td><td class=\"column-2\"><b\/><\/td><td class=\"column-3\">2025<\/td><td class=\"column-4\"><a href=\"\/seieg\/wp-content\/uploads\/2025\/11\/PS-Campo-2025_2030.pdf\" target=\"_blank\" rel=\"noopener\"><img decoding=\"async\" src=\"\/seieg\/wp-content\/uploads\/2020\/10\/img_pdf.png\"\/><\/a><\/td><td class=\"column-5\"><\/td><td class=\"column-6\"><\/td><td class=\"column-7\"><\/td>\n<\/tr>\n<tr class=\"row-19 odd\">\n\t<td class=\"column-1\">Programa Sectorial de Seguridad P\u00fablica 2025-2030<\/td><td class=\"column-2\"><b\/><\/td><td class=\"column-3\">2025<\/td><td class=\"column-4\"><a href=\"\/seieg\/wp-content\/uploads\/2025\/11\/PS-Seguridad-Publica-2025_2030.pdf\" target=\"_blank\" rel=\"noopener\"><img decoding=\"async\" src=\"\/seieg\/wp-content\/uploads\/2020\/10\/img_pdf.png\"\/><\/a><\/td><td class=\"column-5\"><\/td><td class=\"column-6\"><\/td><td class=\"column-7\"><\/td>\n<\/tr>\n<tr class=\"row-20 even\">\n\t<td class=\"column-1\">Programa Sectorial de Salud 2025-2030<\/td><td class=\"column-2\"><b\/><\/td><td class=\"column-3\">2025<\/td><td class=\"column-4\"><a href=\"\/seieg\/wp-content\/uploads\/2025\/11\/PS-Salud-2025_2030.pdf\" target=\"_blank\" rel=\"noopener\"><img decoding=\"async\" src=\"\/seieg\/wp-content\/uploads\/2020\/10\/img_pdf.png\"\/><\/a><\/td><td class=\"column-5\"><\/td><td class=\"column-6\"><\/td><td class=\"column-7\"><\/td>\n<\/tr>\n<tr class=\"row-21 odd\">\n\t<td class=\"column-1\">Programa Sectorial de Gobernabilidad 2025-2030<\/td><td class=\"column-2\"><b\/><\/td><td class=\"column-3\">2025<\/td><td class=\"column-4\"><a href=\"\/seieg\/wp-content\/uploads\/2025\/11\/PS-Gobernabilidad-2025_2030.pdf\" target=\"_blank\" rel=\"noopener\"><img decoding=\"async\" src=\"\/seieg\/wp-content\/uploads\/2020\/10\/img_pdf.png\"\/><\/a><\/td><td class=\"column-5\"><\/td><td class=\"column-6\"><\/td><td class=\"column-7\"><\/td>\n<\/tr>\n<tr class=\"row-22 even\">\n\t<td class=\"column-1\">Programa Sectorial de Educaci\u00f3n 2025-2030<\/td><td class=\"column-2\"><b\/><\/td><td class=\"column-3\">2025<\/td><td class=\"column-4\"><a href=\"\/seieg\/wp-content\/uploads\/2025\/11\/PS-Educacion-2025_2030.pdf\" target=\"_blank\" rel=\"noopener\"><img decoding=\"async\" src=\"\/seieg\/wp-content\/uploads\/2020\/10\/img_pdf.png\"\/><\/a><\/td><td class=\"column-5\"><\/td><td class=\"column-6\"><\/td><td class=\"column-7\"><\/td>\n<\/tr>\n<tr class=\"row-23 odd\">\n\t<td class=\"column-1\">Programa Sectorial de Econom\u00eda 2025-2030<\/td><td class=\"column-2\"><b\/><\/td><td class=\"column-3\">2025<\/td><td class=\"column-4\"><a href=\"\/seieg\/wp-content\/uploads\/2025\/11\/PS-Economia-2025_2030-1.pdf\" target=\"_blank\" rel=\"noopener\"><img decoding=\"async\" src=\"\/seieg\/wp-content\/uploads\/2020\/10\/img_pdf.png\"\/><\/a><\/td><td class=\"column-5\"><\/td><td class=\"column-6\"><\/td><td class=\"column-7\"><\/td>\n<\/tr>\n<tr class=\"row-24 even\">\n\t<td class=\"column-1\">Programa Sectorial de Desarrollo Social y Humano 2025-2030<\/td><td class=\"column-2\"><b\/><\/td><td class=\"column-3\">2025<\/td><td class=\"column-4\"><a href=\"\/seieg\/wp-content\/uploads\/2025\/11\/PS-Desarrollo-Social-y-Humano-2025_2030.pdf\" target=\"_blank\" rel=\"noopener\"><img decoding=\"async\" src=\"\/seieg\/wp-content\/uploads\/2020\/10\/img_pdf.png\"\/><\/a><\/td><td class=\"column-5\"><\/td><td class=\"column-6\"><\/td><td class=\"column-7\"><\/td>\n<\/tr>\n<tr class=\"row-25 odd\">\n\t<td class=\"column-1\">Programa Sectorial de Agua y Medio Ambiente 2025-2030<\/td><td class=\"column-2\"><b\/><\/td><td class=\"column-3\">2025<\/td><td class=\"column-4\"><a href=\"\/seieg\/wp-content\/uploads\/2025\/11\/PS-Agua-y-Medio-Ambiente-2025_2030.pdf\" target=\"_blank\" rel=\"noopener\"><img decoding=\"async\" src=\"\/seieg\/wp-content\/uploads\/2020\/10\/img_pdf.png\"\/><\/a><\/td><td class=\"column-5\"><\/td><td class=\"column-6\"><\/td><td class=\"column-7\"><\/td>\n<\/tr>\n<tr class=\"row-26 even\">\n\t<td class=\"column-1\">Programa Estatal para Prevenir, Atender, Sancionar y Erradicar la Violencia contra las Mujeres 2025-2030<\/td><td class=\"column-2\"><b\/><\/td><td class=\"column-3\">2025<\/td><td class=\"column-4\"><a href=\"\/seieg\/wp-content\/uploads\/2025\/11\/PE-Violencia-contra-Mujeres-2025_2030.pdf\" target=\"_blank\" rel=\"noopener\"><img decoding=\"async\" src=\"\/seieg\/wp-content\/uploads\/2020\/10\/img_pdf.png\"\/><\/a><\/td><td class=\"column-5\"><\/td><td class=\"column-6\"><\/td><td class=\"column-7\"><\/td>\n<\/tr>\n<tr class=\"row-27 odd\">\n\t<td class=\"column-1\">Programa Estatal para la Prevenci\u00f3n Social de la Violencia y la Delincuencia \"Programa F\u00e9nix\" 2025-2030<\/td><td class=\"column-2\"><b\/><\/td><td class=\"column-3\">2025<\/td><td class=\"column-4\"><a href=\"\/seieg\/wp-content\/uploads\/2025\/11\/PE-Prevencion-Social-Violencia-Delincuencia-2025_2030.pdf\" target=\"_blank\" rel=\"noopener\"><img decoding=\"async\" src=\"\/seieg\/wp-content\/uploads\/2020\/10\/img_pdf.png\"\/><\/a><\/td><td class=\"column-5\"><\/td><td class=\"column-6\"><\/td><td class=\"column-7\"><\/td>\n<\/tr>\n<tr class=\"row-28 even\">\n\t<td class=\"column-1\">Programa Estatal para la Igualdad entre Mujeres y Hombres 2025-2030<\/td><td class=\"column-2\"><b\/><\/td><td class=\"column-3\">2025<\/td><td class=\"column-4\"><a href=\"\/seieg\/wp-content\/uploads\/2025\/11\/PE-Igualdad-Mujeres-Hombres-2025_2030.pdf\" target=\"_blank\" rel=\"noopener\"><img decoding=\"async\" src=\"\/seieg\/wp-content\/uploads\/2020\/10\/img_pdf.png\"\/><\/a><\/td><td class=\"column-5\"><\/td><td class=\"column-6\"><\/td><td class=\"column-7\"><\/td>\n<\/tr>\n<tr class=\"row-29 odd\">\n\t<td class=\"column-1\">Programa Estatal para el Desarrollo y Atenci\u00f3n a las Juventudes 2025-2030<\/td><td class=\"column-2\"><b\/><\/td><td class=\"column-3\">2025<\/td><td class=\"column-4\"><a href=\"\/seieg\/wp-content\/uploads\/2025\/11\/PE-DA-Juventudes-2025_2030.pdf\" target=\"_blank\" rel=\"noopener\"><img decoding=\"async\" src=\"\/seieg\/wp-content\/uploads\/2020\/10\/img_pdf.png\"\/><\/a><\/td><td class=\"column-5\"><\/td><td class=\"column-6\"><\/td><td class=\"column-7\"><\/td>\n<\/tr>\n<tr class=\"row-30 even\">\n\t<td class=\"column-1\">Programa Estatal de Turismo 2025-2030<\/td><td class=\"column-2\"><b\/><\/td><td class=\"column-3\">2025<\/td><td class=\"column-4\"><a href=\"\/seieg\/wp-content\/uploads\/2025\/11\/PE-Turismo-2025_2030.pdf\" target=\"_blank\" rel=\"noopener\"><img decoding=\"async\" src=\"\/seieg\/wp-content\/uploads\/2020\/10\/img_pdf.png\"\/><\/a><\/td><td class=\"column-5\"><\/td><td class=\"column-6\"><\/td><td class=\"column-7\"><\/td>\n<\/tr>\n<tr class=\"row-31 odd\">\n\t<td class=\"column-1\">Programa Estatal de Movilidad y Seguridad V\u00edal 2025-2030<\/td><td class=\"column-2\"><b\/><\/td><td class=\"column-3\">2025<\/td><td class=\"column-4\"><a href=\"\/seieg\/wp-content\/uploads\/2025\/11\/PE-Movilidad-Seguridad-Vial-2025_2030.pdf\" target=\"_blank\" rel=\"noopener\"><img decoding=\"async\" src=\"\/seieg\/wp-content\/uploads\/2020\/10\/img_pdf.png\"\/><\/a><\/td><td class=\"column-5\"><\/td><td class=\"column-6\"><\/td><td class=\"column-7\"><\/td>\n<\/tr>\n<tr class=\"row-32 even\">\n\t<td class=\"column-1\">Programa Estatal de Fomento y Difusi\u00f3n de la Cultura 2025-2030<\/td><td class=\"column-2\"><b\/><\/td><td class=\"column-3\">2025<\/td><td class=\"column-4\"><a href=\"\/seieg\/wp-content\/uploads\/2025\/11\/PE-Fomento-y-Difusion-Cultura-2025_2030.pdf\" target=\"_blank\" rel=\"noopener\"><img decoding=\"async\" src=\"\/seieg\/wp-content\/uploads\/2020\/10\/img_pdf.png\"\/><\/a><\/td><td class=\"column-5\"><\/td><td class=\"column-6\"><\/td><td class=\"column-7\"><\/td>\n<\/tr>\n<tr class=\"row-33 odd\">\n\t<td class=\"column-1\">Programa Estatal de Cultura F\u00edsica y Deporte 2025-2030<\/td><td class=\"column-2\"><b\/><\/td><td class=\"column-3\">2025<\/td><td class=\"column-4\"><a href=\"\/seieg\/wp-content\/uploads\/2025\/11\/PE-Cultura-Fisica-y-Deporte-2025_2030.pdf\" target=\"_blank\" rel=\"noopener\"><img decoding=\"async\" src=\"\/seieg\/wp-content\/uploads\/2020\/10\/img_pdf.png\"\/><\/a><\/td><td class=\"column-5\"><\/td><td class=\"column-6\"><\/td><td class=\"column-7\"><\/td>\n<\/tr>\n<tr class=\"row-34 even\">\n\t<td class=\"column-1\">Programa Estatal de Atenci\u00f3n Integral a V\u00edctimas 2025-2030<\/td><td class=\"column-2\"><b\/><\/td><td class=\"column-3\">2025<\/td><td class=\"column-4\"><a href=\"\/seieg\/wp-content\/uploads\/2025\/11\/PE-Atencion-Integral-a-Victimas-2025_2030.pdf\" target=\"_blank\" rel=\"noopener\"><img decoding=\"async\" src=\"\/seieg\/wp-content\/uploads\/2020\/10\/img_pdf.png\"\/><\/a><\/td><td class=\"column-5\"><\/td><td class=\"column-6\"><\/td><td class=\"column-7\"><\/td>\n<\/tr>\n<tr class=\"row-35 odd\">\n\t<td class=\"column-1\">Actualizaci\u00f3n Programa de Gobierno 2018-2024<\/td><td class=\"column-2\"><b\/><\/td><td class=\"column-3\">2021<\/td><td class=\"column-4\"><a href=\"\/seieg\/wp-content\/uploads\/2024\/03\/Actualizacion_PG_2018-2024.pdf\" target=\"_blank\" rel=\"noopener\"><img decoding=\"async\" src=\"\/seieg\/wp-content\/uploads\/2020\/10\/img_pdf.png\"\/><\/a><\/td><td class=\"column-5\"><\/td><td class=\"column-6\"><\/td><td class=\"column-7\"><\/td>\n<\/tr>\n<tr class=\"row-36 even\">\n\t<td class=\"column-1\">Actualizaci\u00f3n Programa Sectorial Desarrollo Humano y Social 2019-2024<\/td><td class=\"column-2\"><b\/><\/td><td class=\"column-3\">2021<\/td><td class=\"column-4\"><a href=\"\/seieg\/wp-content\/uploads\/2024\/03\/PS-Desarrollo_Humano_y_Social.pdf\" target=\"_blank\" rel=\"noopener\"><img decoding=\"async\" src=\"\/seieg\/wp-content\/uploads\/2020\/10\/img_pdf.png\"\/><\/a><\/td><td class=\"column-5\"><\/td><td class=\"column-6\"><\/td><td class=\"column-7\"><\/td>\n<\/tr>\n<tr class=\"row-37 odd\">\n\t<td class=\"column-1\">Actualizaci\u00f3n Programa Sectorial Educaci\u00f3n de Calidad 2019-2024<\/td><td class=\"column-2\"><b\/><\/td><td class=\"column-3\">2021<\/td><td class=\"column-4\"><a href=\"\/seieg\/wp-content\/uploads\/2024\/03\/PS-Educacion_de_Calidad.pdf\" target=\"_blank\" rel=\"noopener\"><img decoding=\"async\" src=\"\/seieg\/wp-content\/uploads\/2020\/10\/img_pdf.png\"\/><\/a><\/td><td class=\"column-5\"><\/td><td class=\"column-6\"><\/td><td class=\"column-7\"><\/td>\n<\/tr>\n<tr class=\"row-38 even\">\n\t<td class=\"column-1\">Actualizaci\u00f3n Programa Sectorial Econom\u00eda para Todos 2019-2024<\/td><td class=\"column-2\"><b\/><\/td><td class=\"column-3\">2021<\/td><td class=\"column-4\"><a href=\"\/seieg\/wp-content\/uploads\/2024\/03\/PS-Economia_para_todos.pdf\" target=\"_blank\" rel=\"noopener\"><img decoding=\"async\" src=\"\/seieg\/wp-content\/uploads\/2020\/10\/img_pdf.png\"\/><\/a><\/td><td class=\"column-5\"><\/td><td class=\"column-6\"><\/td><td class=\"column-7\"><\/td>\n<\/tr>\n<tr class=\"row-39 odd\">\n\t<td class=\"column-1\">Actualizaci\u00f3n Programa Sectorial Gobierno Humano y Eficaz 2019-2024<\/td><td class=\"column-2\"><b\/><\/td><td class=\"column-3\">2021<\/td><td class=\"column-4\"><a href=\"\/seieg\/wp-content\/uploads\/2024\/03\/PS-Gobierno_Humano_y_Eficaz.pdf\" target=\"_blank\" rel=\"noopener\"><img decoding=\"async\" src=\"\/seieg\/wp-content\/uploads\/2020\/10\/img_pdf.png\"\/><\/a><\/td><td class=\"column-5\"><\/td><td class=\"column-6\"><\/td><td class=\"column-7\"><\/td>\n<\/tr>\n<tr class=\"row-40 even\">\n\t<td class=\"column-1\">Actualizaci\u00f3n Programa Sectorial Desarrollo Ordenado y Sostenible 2019-2024<\/td><td class=\"column-2\"><b\/><\/td><td class=\"column-3\">2021<\/td><td class=\"column-4\"><a href=\"\/seieg\/wp-content\/uploads\/2024\/03\/PS-Desarrollo-_Ordenado_y_Sostenible.pdf\" target=\"_blank\" rel=\"noopener\"><img decoding=\"async\" src=\"\/seieg\/wp-content\/uploads\/2020\/10\/img_pdf.png\"\/><\/a><\/td><td class=\"column-5\"><\/td><td class=\"column-6\"><\/td><td class=\"column-7\"><\/td>\n<\/tr>\n<tr class=\"row-41 odd\">\n\t<td class=\"column-1\">Actualizaci\u00f3n Programa Sectorial Seguridad y Paz Social 2019-2024<\/td><td class=\"column-2\"><b\/><\/td><td class=\"column-3\">2021<\/td><td class=\"column-4\"><a href=\"\/seieg\/wp-content\/uploads\/2024\/03\/PS-Seguridad_y_Paz_Social.pdf\" target=\"_blank\" rel=\"noopener\"><img decoding=\"async\" src=\"\/seieg\/wp-content\/uploads\/2020\/10\/img_pdf.png\"\/><\/a><\/td><td class=\"column-5\"><\/td><td class=\"column-6\"><\/td><td class=\"column-7\"><\/td>\n<\/tr>\n<tr class=\"row-42 even\">\n\t<td class=\"column-1\">Plan b\u00e1sico de Gobierno 1995-2000<\/td><td class=\"column-2\"><b\/><\/td><td class=\"column-3\"><span style=\"color: #042292;\">1996<\/span><\/td><td class=\"column-4\"><a href=\"\/seieg\/wp-content\/uploads\/2022\/10\/Plan-Ba\u0301sico-de-Gobierno-1995-2000.pdf\" target=\"_blank\" rel=\"noopener\"><img decoding=\"async\" src=\"\/seieg\/wp-content\/uploads\/2020\/10\/img_pdf.png\"\/><\/a><\/td><td class=\"column-5\"><\/td><td class=\"column-6\"><\/td><td class=\"column-7\"><\/td>\n<\/tr>\n<tr class=\"row-43 odd\">\n\t<td class=\"column-1\">Plan Estatal de Desarrollo 2025<\/td><td class=\"column-2\"><b\/><\/td><td class=\"column-3\">2021<\/td><td class=\"column-4\"><a href=\"\/seieg\/wp-content\/uploads\/2022\/08\/Plan-Estatal-de-Desarrollo-2025.pdf\" target=\"_blank\" rel=\"noopener\"><img decoding=\"async\" src=\"\/seieg\/wp-content\/uploads\/2020\/10\/img_pdf.png\"\/><\/a><\/td><td class=\"column-5\"><\/td><td class=\"column-6\"><\/td><td class=\"column-7\"><\/td>\n<\/tr>\n<tr class=\"row-44 even\">\n\t<td class=\"column-1\">Programa de Gobierno 2000-2006<\/td><td class=\"column-2\"><b\/><\/td><td class=\"column-3\"><span style=\"color: #042292;\">2020<\/span><\/td><td class=\"column-4\"><a href=\"\/seieg\/wp-content\/uploads\/2022\/08\/Programa-de-Gobierno-2000-2006.pdf\" target=\"_blank\" rel=\"noopener\"><img decoding=\"async\" src=\"\/seieg\/wp-content\/uploads\/2020\/10\/img_pdf.png\"\/><\/a><\/td><td class=\"column-5\"><\/td><td class=\"column-6\"><\/td><td class=\"column-7\"><\/td>\n<\/tr>\n<tr class=\"row-45 odd\">\n\t<td class=\"column-1\">Programa de Gobierno 2000-2006 actualizaci\u00f3n 2004<\/td><td class=\"column-2\"><b\/><\/td><td class=\"column-3\">2021<\/td><td class=\"column-4\"><a href=\"\/seieg\/wp-content\/uploads\/2022\/08\/Programa-de-Gobierno-2000-2006-actualizacio\u0301n-2004.pdf\" target=\"_blank\" rel=\"noopener\"><img decoding=\"async\" src=\"\/seieg\/wp-content\/uploads\/2020\/10\/img_pdf.png\"\/><\/a><\/td><td class=\"column-5\"><\/td><td class=\"column-6\"><\/td><td class=\"column-7\"><\/td>\n<\/tr>\n<tr class=\"row-46 even\">\n\t<td class=\"column-1\">Plan de Gobierno 2006-2012<\/td><td class=\"column-2\"><b\/><\/td><td class=\"column-3\"><span style=\"color: #042292;\">2020<\/span><\/td><td class=\"column-4\"><a href=\"\/seieg\/wp-content\/uploads\/2022\/08\/Plan-de-Gobierno-2006-2012.pdf\" target=\"_blank\" rel=\"noopener\"><img decoding=\"async\" src=\"\/seieg\/wp-content\/uploads\/2020\/10\/img_pdf.png\"\/><\/a><\/td><td class=\"column-5\"><\/td><td class=\"column-6\"><\/td><td class=\"column-7\"><\/td>\n<\/tr>\n<tr class=\"row-47 odd\">\n\t<td class=\"column-1\">Programas Institucionales 2021<\/td><td class=\"column-2\"><b\/><\/td><td class=\"column-3\">2021<\/td><td class=\"column-4\"><a href=\"\/seieg\/wp-content\/uploads\/2022\/05\/Programas_Institucionales_SG_SFIA_SE_1628018590.pdf\" target=\"_blank\" rel=\"noopener\"><img decoding=\"async\" src=\"\/seieg\/wp-content\/uploads\/2020\/10\/img_pdf.png\"\/><\/a><a href=\"\/seieg\/wp-content\/uploads\/2022\/05\/CAPITULO_III_1528140589.pdf\" target=\"_blank\" rel=\"noopener\"><img decoding=\"async\" src=\"\/seieg\/wp-content\/uploads\/2020\/10\/img_pdf.png\"\/><\/a><\/td><td class=\"column-5\"><\/td><td class=\"column-6\"><\/td><td class=\"column-7\"><\/td>\n<\/tr>\n<tr class=\"row-48 even\">\n\t<td class=\"column-1\"><span style=\"color: #042292;\">Programas Sectoriales 3ra Parte<\/span><\/td><td class=\"column-2\"><b\/><\/td><td class=\"column-3\"><span style=\"color: #042292;\">2020<\/span><\/td><td class=\"column-4\"><a href=\"\/seieg\/wp-content\/uploads\/2022\/05\/PO_33_3ra_Parte_20200214_2201_3_1581780331.pdf\" target=\"_blank\" rel=\"noopener\"><img decoding=\"async\" src=\"\/seieg\/wp-content\/uploads\/2020\/10\/img_pdf.png\"\/><\/a><a href=\"\/seieg\/wp-content\/uploads\/2022\/05\/ZM_MUY_Version_ejecutiva_1528140738.pdf\" target=\"_blank\" rel=\"noopener\"><img decoding=\"async\" src=\"\/seieg\/wp-content\/uploads\/2020\/10\/img_pdf.png\"\/><\/a><\/td><td class=\"column-5\"><\/td><td class=\"column-6\"><\/td><td class=\"column-7\"><\/td>\n<\/tr>\n<tr class=\"row-49 odd\">\n\t<td class=\"column-1\">Programa Sectoriales 2da Parte<\/td><td class=\"column-2\"><b\/><\/td><td class=\"column-3\">2020<\/td><td class=\"column-4\"><a href=\"\/seieg\/wp-content\/uploads\/2022\/05\/PO_33_2da_Parte_20200214_2157_21_1581780091.pdf\" target=\"_blank\" rel=\"noopener\"><img decoding=\"async\" src=\"\/seieg\/wp-content\/uploads\/2020\/10\/img_pdf.png\"\/><\/a><a href=\"\/seieg\/wp-content\/uploads\/2022\/05\/PMDUOET_ZML_2a_PARTE_Cap_III_2_aL__X_1528139524.pdf\" target=\"_blank\" rel=\"noopener\"><img decoding=\"async\" src=\"\/seieg\/wp-content\/uploads\/2020\/10\/img_pdf.png\"\/><\/a><a href=\"\/seieg\/wp-content\/uploads\/2022\/05\/PMDUOET_ZML_Version_Ejecutiva_1528139747.pdf\" target=\"_blank\" rel=\"noopener\"><img decoding=\"async\" src=\"\/seieg\/wp-content\/uploads\/2020\/10\/img_pdf.png\"\/><\/a><\/td><td class=\"column-5\"><\/td><td class=\"column-6\"><\/td><td class=\"column-7\"><\/td>\n<\/tr>\n<tr class=\"row-50 even\">\n\t<td class=\"column-1\"><span style=\"color: #042292;\">Programa de Gobierno 2018-2024 Versi\u00f3n Editada<\/span><\/td><td class=\"column-2\"><b\/><\/td><td class=\"column-3\"><span style=\"color: #042292;\">2019<\/span><\/td><td class=\"column-4\"><a href=\"\/seieg\/wp-content\/uploads\/2022\/05\/PDGv23_1579905454.pdf\" target=\"_blank\" rel=\"noopener\"><img decoding=\"async\" src=\"\/seieg\/wp-content\/uploads\/2020\/10\/img_pdf.png\"\/><\/a><\/td><td class=\"column-5\"><\/td><td class=\"column-6\"><\/td><td class=\"column-7\"><\/td>\n<\/tr>\n<tr class=\"row-51 odd\">\n\t<td class=\"column-1\">Programa de Gobierno 2018-2024, POGEG<\/td><td class=\"column-2\"><b\/><\/td><td class=\"column-3\">2019<\/td><td class=\"column-4\"><a href=\"\/seieg\/wp-content\/uploads\/2022\/05\/PO_61_2da_Parte_20190326_1403_11_1579905493.pdf\" target=\"_blank\" rel=\"noopener\"><img decoding=\"async\" src=\"\/seieg\/wp-content\/uploads\/2020\/10\/img_pdf.png\"\/><\/a><\/td><td class=\"column-5\"><\/td><td class=\"column-6\"><\/td><td class=\"column-7\"><\/td>\n<\/tr>\n<tr class=\"row-52 even\">\n\t<td class=\"column-1\"><span style=\"color: #042292;\">Plan Estatal de Desarrollo 2040<\/span><\/td><td class=\"column-2\"><b\/><\/td><td class=\"column-3\"><span style=\"color: #042292;\">2018<\/span><\/td><td class=\"column-4\"><a href=\"\/seieg\/wp-content\/uploads\/2022\/05\/PO_45_3ra_Parte_20180303_2109_22_1521226859.pdf\" target=\"_blank\" rel=\"noopener\"><img decoding=\"async\" src=\"\/seieg\/wp-content\/uploads\/2020\/10\/img_pdf.png\"\/><\/a><\/td><td class=\"column-5\"><\/td><td class=\"column-6\"><\/td><td class=\"column-7\"><\/td>\n<\/tr>\n<tr class=\"row-53 odd\">\n\t<td class=\"column-1\">S\u00edntesis del Plan Estatal de Desarrollo 2040<\/td><td class=\"column-2\"><b\/><\/td><td class=\"column-3\">2018<\/td><td class=\"column-4\"><a href=\"\/seieg\/wp-content\/uploads\/2022\/05\/PED2040_sintesis_1525457699.pdf\" target=\"_blank\" rel=\"noopener\"><img decoding=\"async\" src=\"\/seieg\/wp-content\/uploads\/2020\/10\/img_pdf.png\"\/><\/a><\/td><td class=\"column-5\"><\/td><td class=\"column-6\"><\/td><td class=\"column-7\"><\/td>\n<\/tr>\n<tr class=\"row-54 even\">\n\t<td class=\"column-1\"><span style=\"color: #042292;\">Programa de Gobierno Estatal Actualizado 2016<\/span><\/td><td class=\"column-2\"><b\/><\/td><td class=\"column-3\"><span style=\"color: #042292;\">2016<\/span><\/td><td class=\"column-4\"><a href=\"\/seieg\/wp-content\/uploads\/2022\/05\/Programa_Gobierno_Actualizado_Junio2016_1504721086.pdf\" target=\"_blank\" rel=\"noopener\"><img decoding=\"async\" src=\"\/seieg\/wp-content\/uploads\/2020\/10\/img_pdf.png\"\/><\/a><\/td><td class=\"column-5\"><\/td><td class=\"column-6\"><\/td><td class=\"column-7\"><\/td>\n<\/tr>\n<tr class=\"row-55 odd\">\n\t<td class=\"column-1\">Programa Estatal de Desarrollo Urbano y de Ordenamiento Ecol\u00f3gico Territorial<\/td><td class=\"column-2\"><b\/><\/td><td class=\"column-3\">2014<\/td><td class=\"column-4\"><a href=\"\/seieg\/wp-content\/uploads\/2022\/05\/PEDUOET_VERSION_INTEGRAL_1436802044.pdf\" target=\"_blank\" rel=\"noopener\"><img decoding=\"async\" src=\"\/seieg\/wp-content\/uploads\/2020\/10\/img_pdf.png\"\/><\/a><a href=\"\/seieg\/wp-content\/uploads\/2022\/05\/PEDUOET_VERSION_ABREVIADA_1436802184.pdf\" target=\"_blank\" rel=\"noopener\"><img decoding=\"async\" src=\"\/seieg\/wp-content\/uploads\/2020\/10\/img_pdf.png\"\/><\/a><a href=\"\/seieg\/wp-content\/uploads\/2022\/05\/FEDEERRATAS_PEDUOET_1436802550.pdf\" target=\"_blank\" rel=\"noopener\"><img decoding=\"async\" src=\"\/seieg\/wp-content\/uploads\/2020\/10\/img_pdf.png\"\/><\/a><a href=\"\/seieg\/wp-content\/uploads\/2022\/05\/Fichas_UGAT_1436803707.zip\" target=\"_blank\" rel=\"noopener\"><img decoding=\"async\" src=\"\/seieg\/wp-content\/uploads\/2022\/05\/imgzip.png\"\/><\/a><\/td><td class=\"column-5\"><a href=\"\/seieg\/wp-content\/uploads\/2022\/05\/Carta_de_Ordenamiento_Sustentable_del_Territorio__Carta_Sintesis_del_Peduoet__1436802605.pdf\" target=\"_blank\" rel=\"noopener\"><img decoding=\"async\" src=\"\/seieg\/wp-content\/uploads\/2020\/10\/img_pdf.png\"\/><\/a><a href=\"\/seieg\/wp-content\/uploads\/2022\/05\/cartasintesis_posterior_1436804040-scaled.jpg\" target=\"_blank\" rel=\"noopener\"><img decoding=\"async\" src=\"\/seieg\/wp-content\/uploads\/2022\/05\/imgjpg.png\"\/><\/a><\/td><td class=\"column-6\"><a href=\"\/seieg\/wp-content\/uploads\/2022\/05\/MOST_1436803323.zip\" target=\"_blank\" rel=\"noopener\"><img decoding=\"async\" src=\"\/seieg\/wp-content\/uploads\/2022\/05\/imgzip.png\"\/><\/a><\/td><td class=\"column-7\"><\/td>\n<\/tr>\n<tr class=\"row-56 even\">\n\t<td class=\"column-1\"><span style=\"color: #042292;\">Programa Estatal de Mejora Regulatoria Visi\u00f3n 2018<\/span><\/td><td class=\"column-2\"><b\/><\/td><td class=\"column-3\"><span style=\"color: #042292;\">2013<\/span><\/td><td class=\"column-4\"><a href=\"\/seieg\/wp-content\/uploads\/2022\/05\/MejoraRegulatoriaVision2018_1423168791.pdf\" target=\"_blank\" rel=\"noopener\"><img decoding=\"async\" src=\"\/seieg\/wp-content\/uploads\/2020\/10\/img_pdf.png\"\/><\/a><\/td><td class=\"column-5\"><\/td><td class=\"column-6\"><\/td><td class=\"column-7\"><\/td>\n<\/tr>\n<tr class=\"row-57 odd\">\n\t<td class=\"column-1\">Programa Sectorial de Procuraci\u00f3n de Justicia Visi\u00f3n 2018<\/td><td class=\"column-2\"><b\/><\/td><td class=\"column-3\">2013<\/td><td class=\"column-4\"><a href=\"\/seieg\/wp-content\/uploads\/2022\/05\/ProcuracionJusticiaVision2018_1423168926.pdf\" target=\"_blank\" rel=\"noopener\"><img decoding=\"async\" src=\"\/seieg\/wp-content\/uploads\/2020\/10\/img_pdf.png\"\/><\/a><\/td><td class=\"column-5\"><\/td><td class=\"column-6\"><\/td><td class=\"column-7\"><\/td>\n<\/tr>\n<tr class=\"row-58 even\">\n\t<td class=\"column-1\"><span style=\"color: #042292;\">Programa Sectorial de Econom\u00eda Visi\u00f3n 2018<\/span><\/td><td class=\"column-2\"><b\/><\/td><td class=\"column-3\"><span style=\"color: #042292;\">2013<\/span><\/td><td class=\"column-4\"><a href=\"\/seieg\/wp-content\/uploads\/2022\/05\/EconomiaVision2018_1423168515.pdf\" target=\"_blank\" rel=\"noopener\"><img decoding=\"async\" src=\"\/seieg\/wp-content\/uploads\/2020\/10\/img_pdf.png\"\/><\/a><\/td><td class=\"column-5\"><\/td><td class=\"column-6\"><\/td><td class=\"column-7\"><\/td>\n<\/tr>\n<tr class=\"row-59 odd\">\n\t<td class=\"column-1\">Programa Estatal de Contraloria y Evaluaci\u00f3n Social Visi\u00f3n 2018<\/td><td class=\"column-2\"><b\/><\/td><td class=\"column-3\">2013<\/td><td class=\"column-4\"><a href=\"\/seieg\/wp-content\/uploads\/2022\/05\/Especial_contraloria_evauacion_social_2012_2018_1455033411.pdf\" target=\"_blank\" rel=\"noopener\"><img decoding=\"async\" src=\"\/seieg\/wp-content\/uploads\/2020\/10\/img_pdf.png\"\/><\/a><\/td><td class=\"column-5\"><\/td><td class=\"column-6\"><\/td><td class=\"column-7\"><\/td>\n<\/tr>\n<tr class=\"row-60 even\">\n\t<td class=\"column-1\"><span style=\"color: #042292;\">Programa Estatal para la Atenci\u00f3n Integral de las Mujeres<\/span><\/td><td class=\"column-2\"><b\/><\/td><td class=\"column-3\"><span style=\"color: #042292;\">2013<\/span><\/td><td class=\"column-4\"><a href=\"\/seieg\/wp-content\/uploads\/2022\/05\/PO_75_2da_Parte_20130513_1158_7_1383080879.pdf\" target=\"_blank\" rel=\"noopener\"><img decoding=\"async\" src=\"\/seieg\/wp-content\/uploads\/2020\/10\/img_pdf.png\"\/><\/a><a href=\"\/seieg\/wp-content\/uploads\/2022\/05\/AtencionIntegralMujeres2013_1423168059.pdf\" target=\"_blank\" rel=\"noopener\"><img decoding=\"async\" src=\"\/seieg\/wp-content\/uploads\/2020\/10\/img_pdf.png\"\/><\/a><a href=\"\/seieg\/wp-content\/uploads\/2022\/05\/Especial_contraloria_evauacion_social_2012_2018_1455033411.pdf\" target=\"_blank\" rel=\"noopener\"><img decoding=\"async\" src=\"\/seieg\/wp-content\/uploads\/2020\/10\/img_pdf.png\"\/><\/a><\/td><td class=\"column-5\"><\/td><td class=\"column-6\"><\/td><td class=\"column-7\"><\/td>\n<\/tr>\n<tr class=\"row-61 odd\">\n\t<td class=\"column-1\">Programa Estatal de Turismo 2012-2018<\/td><td class=\"column-2\"><b\/><\/td><td class=\"column-3\">2013<\/td><td class=\"column-4\"><a href=\"\/seieg\/wp-content\/uploads\/2022\/05\/PET_1384293176.pdf\" target=\"_blank\" rel=\"noopener\"><img decoding=\"async\" src=\"\/seieg\/wp-content\/uploads\/2020\/10\/img_pdf.png\"\/><\/a><\/td><td class=\"column-5\"><\/td><td class=\"column-6\"><\/td><td class=\"column-7\"><\/td>\n<\/tr>\n<tr class=\"row-62 even\">\n\t<td class=\"column-1\"><span style=\"color: #042292;\">Programa Sectorial Social y Humano Visi\u00f3n 2018<\/span><\/td><td class=\"column-2\"><b\/><\/td><td class=\"column-3\"><span style=\"color: #042292;\">2013<\/span><\/td><td class=\"column-4\"><a href=\"\/seieg\/wp-content\/uploads\/2022\/05\/DesarrolloSocialyHumanoVision2018_1423168429.pdf\" target=\"_blank\" rel=\"noopener\"><img decoding=\"async\" src=\"\/seieg\/wp-content\/uploads\/2020\/10\/img_pdf.png\"\/><\/a><\/td><td class=\"column-5\"><\/td><td class=\"column-6\"><\/td><td class=\"column-7\"><\/td>\n<\/tr>\n<tr class=\"row-63 odd\">\n\t<td class=\"column-1\">Programa Sectorial Guanajuato Educado Visi\u00f3n 2018<\/td><td class=\"column-2\"><b\/><\/td><td class=\"column-3\">2013<\/td><td class=\"column-4\"><a href=\"\/seieg\/wp-content\/uploads\/2022\/05\/GuanajuatoEducadoVision2018_1423168660.pdf\" target=\"_blank\" rel=\"noopener\"><img decoding=\"async\" src=\"\/seieg\/wp-content\/uploads\/2020\/10\/img_pdf.png\"\/><\/a><\/td><td class=\"column-5\"><\/td><td class=\"column-6\"><\/td><td class=\"column-7\"><\/td>\n<\/tr>\n<tr class=\"row-64 even\">\n\t<td class=\"column-1\"><span style=\"color: #042292;\">Programa Estatal de Prevenci\u00f3n Social de la Violencia y la Delincuencia 2014-2018<\/span><\/td><td class=\"column-2\"><b\/><\/td><td class=\"column-3\"><span style=\"color: #042292;\">2013<\/span><\/td><td class=\"column-4\"><a href=\"\/seieg\/wp-content\/uploads\/2022\/05\/PrevencionSocial2014_2018_1423167006.pdf\" target=\"_blank\" rel=\"noopener\"><img decoding=\"async\" src=\"\/seieg\/wp-content\/uploads\/2020\/10\/img_pdf.png\"\/><\/a><\/td><td class=\"column-5\"><\/td><td class=\"column-6\"><\/td><td class=\"column-7\"><\/td>\n<\/tr>\n<tr class=\"row-65 odd\">\n\t<td class=\"column-1\">Programa Especial de Migraci\u00f3n 2013-2018<\/td><td class=\"column-2\"><b\/><\/td><td class=\"column-3\">2013<\/td><td class=\"column-4\"><a href=\"\/seieg\/wp-content\/uploads\/2022\/05\/Migracion_vision2018_1423167480.pdf\" target=\"_blank\" rel=\"noopener\"><img decoding=\"async\" src=\"\/seieg\/wp-content\/uploads\/2020\/10\/img_pdf.png\"\/><\/a><\/td><td class=\"column-5\"><\/td><td class=\"column-6\"><\/td><td class=\"column-7\"><\/td>\n<\/tr>\n<tr class=\"row-66 even\">\n\t<td class=\"column-1\"><span style=\"color: #042292;\">Programa de Gobierno Estatal 2012-2018 PO<\/span><\/td><td class=\"column-2\"><b\/><\/td><td class=\"column-3\"><span style=\"color: #042292;\">2013<\/span><\/td><td class=\"column-4\"><a href=\"\/seieg\/wp-content\/uploads\/2022\/05\/Programa_de_Gobierno_Estatal_1381349215.pdf\" target=\"_blank\" rel=\"noopener\"><img decoding=\"async\" src=\"\/seieg\/wp-content\/uploads\/2020\/10\/img_pdf.png\"\/><\/a><\/td><td class=\"column-5\"><\/td><td class=\"column-6\"><\/td><td class=\"column-7\"><\/td>\n<\/tr>\n<tr class=\"row-67 odd\">\n\t<td class=\"column-1\">Programa de Gobierno Estatal 2012-2018 S\u00edntesis<\/td><td class=\"column-2\"><b\/><\/td><td class=\"column-3\">2013<\/td><td class=\"column-4\"><a href=\"\/seieg\/wp-content\/uploads\/2022\/05\/Programa_de_Gob_sintesis_1381349385.pdf\" target=\"_blank\" rel=\"noopener\"><img decoding=\"async\" src=\"\/seieg\/wp-content\/uploads\/2020\/10\/img_pdf.png\"\/><\/a><\/td><td class=\"column-5\"><\/td><td class=\"column-6\"><\/td><td class=\"column-7\"><\/td>\n<\/tr>\n<tr class=\"row-68 even\">\n\t<td class=\"column-1\"><span style=\"color: #042292;\">Programa de Gobierno Estatal 2012-2018 Completo<\/span><\/td><td class=\"column-2\"><b\/><\/td><td class=\"column-3\"><span style=\"color: #042292;\">2013<\/span><\/td><td class=\"column-4\"><a href=\"\/wp-cont\/seieg\/wp-content\/uploads\/2022\/05\/Progama_de_Gob_completo_1381349452.pdf\" target=\"_blank\" rel=\"noopener\"><img decoding=\"async\" src=\"\/seieg\/wp-content\/uploads\/2020\/10\/img_pdf.png\"\/><\/a><\/td><td class=\"column-5\"><\/td><td class=\"column-6\"><\/td><td class=\"column-7\"><\/td>\n<\/tr>\n<tr class=\"row-69 odd\">\n\t<td class=\"column-1\">Plan Estatal de Desarrollo 2035 Tomo III<\/td><td class=\"column-2\"><b\/><\/td><td class=\"column-3\">2012<\/td><td class=\"column-4\"><a href=\"\/seieg\/wp-content\/uploads\/2022\/05\/TOMO_3_1379004695.pdf\" target=\"_blank\" rel=\"noopener\"><img decoding=\"async\" src=\"\/seieg\/wp-content\/uploads\/2020\/10\/img_pdf.png\"\/><\/a><\/td><td class=\"column-5\"><\/td><td class=\"column-6\"><\/td><td class=\"column-7\"><\/td>\n<\/tr>\n<tr class=\"row-70 even\">\n\t<td class=\"column-1\"><span style=\"color: #042292;\">Plan Estatal de Desarrollo 2035 Tomo V<\/span><\/td><td class=\"column-2\"><b\/><\/td><td class=\"column-3\"><span style=\"color: #042292;\">2012<\/span><\/td><td class=\"column-4\"><a href=\"\/seieg\/wp-content\/uploads\/2022\/05\/TOMO_5_1379004850.pdf\" target=\"_blank\" rel=\"noopener\"><img decoding=\"async\" src=\"\/seieg\/wp-content\/uploads\/2020\/10\/img_pdf.png\"\/><\/a><\/td><td class=\"column-5\"><\/td><td class=\"column-6\"><\/td><td class=\"column-7\"><\/td>\n<\/tr>\n<tr class=\"row-71 odd\">\n\t<td class=\"column-1\">Plan Estatal de Desarrollo 2035 PO<\/td><td class=\"column-2\"><b\/><\/td><td class=\"column-3\">2012<\/td><td class=\"column-4\"><a href=\"\/seieg\/wp-content\/uploads\/2022\/05\/Plan_Estatal_Des_PO_1381349029.pdf\" target=\"_blank\" rel=\"noopener\"><img decoding=\"async\" src=\"\/seieg\/wp-content\/uploads\/2020\/10\/img_pdf.png\"\/><\/a><\/td><td class=\"column-5\"><\/td><td class=\"column-6\"><\/td><td class=\"column-7\"><\/td>\n<\/tr>\n<tr class=\"row-72 even\">\n\t<td class=\"column-1\"><span style=\"color: #042292;\">Plan Estatal de Desarrollo 2035 Tomo II<\/span><\/td><td class=\"column-2\"><b\/><\/td><td class=\"column-3\"><span style=\"color: #042292;\">2012<\/span><\/td><td class=\"column-4\"><a href=\"\/seieg\/wp-content\/uploads\/2022\/05\/TOMO_2_1379004638.pdf\" target=\"_blank\" rel=\"noopener\"><img decoding=\"async\" src=\"\/seieg\/wp-content\/uploads\/2020\/10\/img_pdf.png\"\/><\/a><\/td><td class=\"column-5\"><\/td><td class=\"column-6\"><\/td><td class=\"column-7\"><\/td>\n<\/tr>\n<tr class=\"row-73 odd\">\n\t<td class=\"column-1\">Plan Estatal de Desarrollo 2035 Resumen<\/td><td class=\"column-2\"><b\/><\/td><td class=\"column-3\">2012<\/td><td class=\"column-4\"><a href=\"\/seieg\/wp-content\/uploads\/2022\/05\/PED_2035_RESUMEN_1379004512.pdf\" target=\"_blank\" rel=\"noopener\"><img decoding=\"async\" src=\"\/seieg\/wp-content\/uploads\/2020\/10\/img_pdf.png\"\/><\/a><\/td><td class=\"column-5\"><\/td><td class=\"column-6\"><\/td><td class=\"column-7\"><\/td>\n<\/tr>\n<tr class=\"row-74 even\">\n\t<td class=\"column-1\"><span style=\"color: #042292;\">Plan Estatal de Desarrollo 2035 Tomo IV<\/span><\/td><td class=\"column-2\"><b\/><\/td><td class=\"column-3\"><span style=\"color: #042292;\">2012<\/span><\/td><td class=\"column-4\"><a href=\"\/seieg\/wp-content\/uploads\/2022\/05\/TOMO_4_1379004748.pdf\" target=\"_blank\" rel=\"noopener\"><img decoding=\"async\" src=\"\/seieg\/wp-content\/uploads\/2020\/10\/img_pdf.png\"\/><\/a><\/td><td class=\"column-5\"><\/td><td class=\"column-6\"><\/td><td class=\"column-7\"><\/td>\n<\/tr>\n<tr class=\"row-75 odd\">\n\t<td class=\"column-1\">Plan Estatal de Desarrollo 2035 Tomo I<\/td><td class=\"column-2\"><b\/><\/td><td class=\"column-3\">2012<\/td><td class=\"column-4\"><a href=\"\/seieg\/wp-content\/uploads\/2022\/05\/TOMO_1_1379004579.pdf\" target=\"_blank\" rel=\"noopener\"><img decoding=\"async\" src=\"\/seieg\/wp-content\/uploads\/2020\/10\/img_pdf.png\"\/><\/a><\/td><td class=\"column-5\"><\/td><td class=\"column-6\"><\/td><td class=\"column-7\"><\/td>\n<\/tr>\n<tr class=\"row-76 even\">\n\t<td class=\"column-1\"><span style=\"color: #042292;\">Programa Estatal de Protecci\u00f3n al Ambiente Visi\u00f3n 2012<\/span><\/td><td class=\"column-2\"><b\/><\/td><td class=\"column-3\"><span style=\"color: #042292;\">2009<\/span><\/td><td class=\"column-4\"><a href=\"\/seieg\/wp-content\/uploads\/2022\/05\/ProteccionalAmbiente_2012_1423166806.pdf\" target=\"_blank\" rel=\"noopener\"><img decoding=\"async\" src=\"\/seieg\/wp-content\/uploads\/2020\/10\/img_pdf.png\"\/><\/a><\/td><td class=\"column-5\"><\/td><td class=\"column-6\"><\/td><td class=\"column-7\"><\/td>\n<\/tr>\n<tr class=\"row-77 odd\">\n\t<td class=\"column-1\">Programa Estatal de Vivienda Visi\u00f3n 2012<\/td><td class=\"column-2\"><b\/><\/td><td class=\"column-3\">2009<\/td><td class=\"column-4\"><a href=\"\/seieg\/wp-content\/uploads\/2022\/05\/Vivienda_2009_2012_1423166478.pdf\" target=\"_blank\" rel=\"noopener\"><img decoding=\"async\" src=\"\/seieg\/wp-content\/uploads\/2020\/10\/img_pdf.png\"\/><\/a><\/td><td class=\"column-5\"><\/td><td class=\"column-6\"><\/td><td class=\"column-7\"><\/td>\n<\/tr>\n<tr class=\"row-78 even\">\n\t<td class=\"column-1\"><span style=\"color: #042292;\">Programa Estatal de Verificaci\u00f3n Vehicular 2009<\/span><\/td><td class=\"column-2\"><b\/><\/td><td class=\"column-3\"><span style=\"color: #042292;\">2009<\/span><\/td><td class=\"column-4\"><a href=\"\/seieg\/wp-content\/uploads\/2022\/05\/VerificacionVehicular_2009_1423166577.zip\" target=\"_blank\" rel=\"noopener\"><img decoding=\"async\" src=\"\/seieg\/wp-content\/uploads\/2022\/05\/imgzip.png\"\/><\/a><\/td><td class=\"column-5\"><\/td><td class=\"column-6\"><\/td><td class=\"column-7\"><\/td>\n<\/tr>\n<tr class=\"row-79 odd\">\n\t<td class=\"column-1\">Programa Especial de Migraci\u00f3n Visi\u00f3n 2012<\/td><td class=\"column-2\"><b\/><\/td><td class=\"column-3\">2009<\/td><td class=\"column-4\"><a href=\"\/seieg\/wp-content\/uploads\/2022\/05\/migracionVISION2012_1423167348.pdf\" target=\"_blank\" rel=\"noopener\"><img decoding=\"async\" src=\"\/seieg\/wp-content\/uploads\/2020\/10\/img_pdf.png\"\/><\/a><\/td><td class=\"column-5\"><\/td><td class=\"column-6\"><\/td><td class=\"column-7\"><\/td>\n<\/tr>\n<tr class=\"row-80 even\">\n\t<td class=\"column-1\"><span style=\"color: #042292;\">Programa Sectorial Agropecuario Visi\u00f3n 2012<\/span><\/td><td class=\"column-2\"><b\/><\/td><td class=\"column-3\"><span style=\"color: #042292;\">2008<\/span><\/td><td class=\"column-4\"><a href=\"\/seieg\/wp-content\/uploads\/2022\/05\/Agropecuario2012_1423164775.pdf\" target=\"_blank\" rel=\"noopener\"><img decoding=\"async\" src=\"\/seieg\/wp-content\/uploads\/2020\/10\/img_pdf.png\"\/><\/a><\/td><td class=\"column-5\"><\/td><td class=\"column-6\"><\/td><td class=\"column-7\"><\/td>\n<\/tr>\n<tr class=\"row-81 odd\">\n\t<td class=\"column-1\">Programa Especial de Fortalecimiento Econ\u00f3mico Visi\u00f3n 2012<\/td><td class=\"column-2\"><b\/><\/td><td class=\"column-3\">2008<\/td><td class=\"column-4\"><a href=\"\/seieg\/wp-content\/uploads\/2022\/05\/fortalecimiento_1423167908.zip\" target=\"_blank\" rel=\"noopener\"><img decoding=\"async\" src=\"\/seieg\/wp-content\/uploads\/2022\/05\/imgzip.png\"\/><\/a><\/td><td class=\"column-5\"><\/td><td class=\"column-6\"><\/td><td class=\"column-7\"><\/td>\n<\/tr>\n<tr class=\"row-82 even\">\n\t<td class=\"column-1\"><span style=\"color: #042292;\">Programa Sectorial de Salud Visi\u00f3n 2012<\/span><\/td><td class=\"column-2\"><b\/><\/td><td class=\"column-3\"><span style=\"color: #042292;\">2008<\/span><\/td><td class=\"column-4\"><a href=\"\/seieg\/wp-content\/uploads\/2022\/05\/Salud2012_1423165141.pdf\" target=\"_blank\" rel=\"noopener\"><img decoding=\"async\" src=\"\/seieg\/wp-content\/uploads\/2020\/10\/img_pdf.png\"\/><\/a><\/td><td class=\"column-5\"><\/td><td class=\"column-6\"><\/td><td class=\"column-7\"><\/td>\n<\/tr>\n<tr class=\"row-83 odd\">\n\t<td class=\"column-1\">Programa Sectorial Social y Humano Visi\u00f3n 2012<\/td><td class=\"column-2\"><b\/><\/td><td class=\"column-3\">2008<\/td><td class=\"column-4\"><a href=\"\/seieg\/wp-content\/uploads\/2022\/05\/Social_y_Humano2012_1423165443.pdf\" target=\"_blank\" rel=\"noopener\"><img decoding=\"async\" src=\"\/seieg\/wp-content\/uploads\/2020\/10\/img_pdf.png\"\/><\/a><\/td><td class=\"column-5\"><\/td><td class=\"column-6\"><\/td><td class=\"column-7\"><\/td>\n<\/tr>\n<tr class=\"row-84 even\">\n\t<td class=\"column-1\"><span style=\"color: #042292;\">Programa Sectorial de Seguridad P\u00fablica Visi\u00f3n 2012<\/span><\/td><td class=\"column-2\"><b\/><\/td><td class=\"column-3\"><span style=\"color: #042292;\">2008<\/span><\/td><td class=\"column-4\"><a href=\"\/seieg\/wp-content\/uploads\/2022\/05\/Seguridad_Publica2012_1423165273.pdf\" target=\"_blank\" rel=\"noopener\"><img decoding=\"async\" src=\"\/seieg\/wp-content\/uploads\/2020\/10\/img_pdf.png\"\/><\/a><\/td><td class=\"column-5\"><\/td><td class=\"column-6\"><\/td><td class=\"column-7\"><\/td>\n<\/tr>\n<tr class=\"row-85 odd\">\n\t<td class=\"column-1\">Programa Sectorial de Desarrollo Econ\u00f3mico Visi\u00f3n 2012<\/td><td class=\"column-2\"><b\/><\/td><td class=\"column-3\">2008<\/td><td class=\"column-4\"><a href=\"\/seieg\/wp-content\/uploads\/2022\/05\/Economico2012_1423164862.pdf\" target=\"_blank\" rel=\"noopener\"><img decoding=\"async\" src=\"\/seieg\/wp-content\/uploads\/2020\/10\/img_pdf.png\"\/><\/a><\/td><td class=\"column-5\"><\/td><td class=\"column-6\"><\/td><td class=\"column-7\"><\/td>\n<\/tr>\n<tr class=\"row-86 even\">\n\t<td class=\"column-1\"><span style=\"color: #042292;\">Programa Sectorial de Educaci\u00f3n Visi\u00f3n 2012<\/span><\/td><td class=\"column-2\"><b\/><\/td><td class=\"column-3\"><span style=\"color: #042292;\">2008<\/span><\/td><td class=\"column-4\"><a href=\"\/seieg\/wp-content\/uploads\/2022\/05\/Educacion2012_1423164971.pdf\" target=\"_blank\" rel=\"noopener\"><img decoding=\"async\" src=\"\/seieg\/wp-content\/uploads\/2020\/10\/img_pdf.png\"\/><\/a><\/td><td class=\"column-5\"><\/td><td class=\"column-6\"><\/td><td class=\"column-7\"><\/td>\n<\/tr>\n<tr class=\"row-87 odd\">\n\t<td class=\"column-1\">Programa Estatal de Mejora Regulatoria Visi\u00f3n 2012<\/td><td class=\"column-2\"><b\/><\/td><td class=\"column-3\">2008<\/td><td class=\"column-4\"><a href=\"\/seieg\/wp-content\/uploads\/2022\/05\/MejoraRegulatoria2008_1423167704.pdf\" target=\"_blank\" rel=\"noopener\"><img decoding=\"async\" src=\"\/seieg\/wp-content\/uploads\/2020\/10\/img_pdf.png\"\/><\/a><\/td><td class=\"column-5\"><\/td><td class=\"column-6\"><\/td><td class=\"column-7\"><\/td>\n<\/tr>\n<tr class=\"row-88 even\">\n\t<td class=\"column-1\"><span style=\"color: #042292;\">Programa Sectorial de Procuraci\u00f3n de Justicia Visi\u00f3n 2012<\/span><\/td><td class=\"column-2\"><b\/><\/td><td class=\"column-3\"><span style=\"color: #042292;\">2008<\/span><\/td><td class=\"column-4\"><a href=\"\/seieg\/wp-content\/uploads\/2022\/05\/Procuracion_de_Justicia2012_1423165050.pdf\" target=\"_blank\" rel=\"noopener\"><img decoding=\"async\" src=\"\/seieg\/wp-content\/uploads\/2020\/10\/img_pdf.png\"\/><\/a><\/td><td class=\"column-5\"><\/td><td class=\"column-6\"><\/td><td class=\"column-7\"><\/td>\n<\/tr>\n<tr class=\"row-89 odd\">\n\t<td class=\"column-1\">Programa Sectorial de Turismo Visi\u00f3n 2012<\/td><td class=\"column-2\"><b\/><\/td><td class=\"column-3\">2008<\/td><td class=\"column-4\"><a href=\"\/seieg\/wp-content\/uploads\/2022\/05\/Turismo2012_1423165360.pdf\" target=\"_blank\" rel=\"noopener\"><img decoding=\"async\" src=\"\/seieg\/wp-content\/uploads\/2020\/10\/img_pdf.png\"\/><\/a><\/td><td class=\"column-5\"><\/td><td class=\"column-6\"><\/td><td class=\"column-7\"><\/td>\n<\/tr>\n<tr class=\"row-90 even\">\n\t<td class=\"column-1\"><span style=\"color: #042292;\">Plan Estatal de Ordenamiento Territorial de Guanajuato<\/span><\/td><td class=\"column-2\"><b\/><\/td><td class=\"column-3\"><span style=\"color: #042292;\">2006<\/span><\/td><td class=\"column-4\"><a href=\"\/seieg\/wp-content\/uploads\/2022\/05\/PEOT_PDF_DOCUMENTO_BASE.pdf\" target=\"_blank\" rel=\"noopener\"><img decoding=\"async\" src=\"\/seieg\/wp-content\/uploads\/2020\/10\/img_pdf.png\"\/><\/a><\/td><td class=\"column-5\"><a href=\"\/seieg\/wp-content\/uploads\/2022\/05\/mapa.modelo.jpg\" target=\"_blank\" rel=\"noopener\"><img decoding=\"async\" src=\"\/seieg\/wp-content\/uploads\/2022\/05\/imgjpg.png\"\/><\/a><\/td><td class=\"column-6\"><a href=\"\/seieg\/wp-content\/uploads\/2022\/05\/SIG_1374180029.zip\" target=\"_blank\" rel=\"noopener\"><img decoding=\"async\" src=\"\/seieg\/wp-content\/uploads\/2022\/05\/imgzip.png\"\/><\/a><\/td><td class=\"column-7\"><\/td>\n<\/tr>\n<tr class=\"row-91 odd\">\n\t<td class=\"column-1\">Programa Estatal de Prevenci\u00f3n del Delito y Conductas Antisociales 2007-2012<\/td><td class=\"column-2\"><b\/><\/td><td class=\"column-3\">2006<\/td><td class=\"column-4\"><a href=\"\/seieg\/wp-content\/uploads\/2022\/05\/PrevenciondelDelitoyConductasAntisociales_2007_2012_1423167109.pdf\" target=\"_blank\" rel=\"noopener\"><img decoding=\"async\" src=\"\/seieg\/wp-content\/uploads\/2020\/10\/img_pdf.png\"\/><\/a><\/td><td class=\"column-5\"><\/td><td class=\"column-6\"><\/td><td class=\"column-7\"><\/td>\n<\/tr>\n<tr class=\"row-92 even\">\n\t<td class=\"column-1\"><span style=\"color: #042292;\">Programa Estatal de Desarrollo Urbano de Guanajuato<\/span><\/td><td class=\"column-2\"><b\/><\/td><td class=\"column-3\"><span style=\"color: #042292;\">2005<\/span><\/td><td class=\"column-4\"><a href=\"\/seieg\/wp-content\/uploads\/2022\/05\/PROGRAMA_DU.pdf\" target=\"_blank\" rel=\"noopener\"><img decoding=\"async\" src=\"\/seieg\/wp-content\/uploads\/2020\/10\/img_pdf.png\"\/><\/a><\/td><td class=\"column-5\"><\/td><td class=\"column-6\"><\/td><td class=\"column-7\"><\/td>\n<\/tr>\n<tr class=\"row-93 odd\">\n\t<td class=\"column-1\">Plan Estatal de Desarrollo 2030<\/td><td class=\"column-2\"><b\/><\/td><td class=\"column-3\">2005<\/td><td class=\"column-4\"><a href=\"\/seieg\/wp-content\/uploads\/2022\/05\/ped2030_1423164461.zip\" target=\"_blank\" rel=\"noopener\"><img decoding=\"async\" src=\"\/seieg\/wp-content\/uploads\/2022\/05\/imgzip.png\"\/><\/a><\/td><td class=\"column-5\"><\/td><td class=\"column-6\"><\/td><td class=\"column-7\"><\/td>\n<\/tr>\n<\/tbody>\n<\/table>\n<!-- #tablepress-10 from cache --><\/div>\n\t\t\t\t\t\t<\/div>\n\t\t\t\t<\/div>\n\t\t\t\t\t<\/div>\n\t\t<\/div>\n\t\t\t\t\t<\/div>\n\t\t<\/section>\n\t\t\t\t<\/div>\n\t\t","protected":false},"excerpt":{"rendered":"<p>Estatales Un programa estatal es el instrumento de planeaci\u00f3n con visi\u00f3n prospectiva de largo plazo, en el que se representa la dimensi\u00f3n territorial de los lineamientos y objetivos del Plan Estatal de Desarrollo y se establecen las pol\u00edticas generales en materia del crecimiento de los centros de poblaci\u00f3n, medio ambiente, actividades econ\u00f3micas y sociales, proyectos [&hellip;]<\/p>\n","protected":false},"author":1,"featured_media":0,"parent":0,"menu_order":0,"comment_status":"closed","ping_status":"closed","template":"elementor_header_footer","meta":{"footnotes":""},"class_list":["post-1372","page","type-page","status-publish","hentry"],"_links":{"self":[{"href":"https:\/\/iplaneg.guanajuato.gob.mx\/seieg\/wp-json\/wp\/v2\/pages\/1372","targetHints":{"allow":["GET"]}}],"collection":[{"href":"https:\/\/iplaneg.guanajuato.gob.mx\/seieg\/wp-json\/wp\/v2\/pages"}],"about":[{"href":"https:\/\/iplaneg.guanajuato.gob.mx\/seieg\/wp-json\/wp\/v2\/types\/page"}],"author":[{"embeddable":true,"href":"https:\/\/iplaneg.guanajuato.gob.mx\/seieg\/wp-json\/wp\/v2\/users\/1"}],"replies":[{"embeddable":true,"href":"https:\/\/iplaneg.guanajuato.gob.mx\/seieg\/wp-json\/wp\/v2\/comments?post=1372"}],"version-history":[{"count":19,"href":"https:\/\/iplaneg.guanajuato.gob.mx\/seieg\/wp-json\/wp\/v2\/pages\/1372\/revisions"}],"predecessor-version":[{"id":1978,"href":"https:\/\/iplaneg.guanajuato.gob.mx\/seieg\/wp-json\/wp\/v2\/pages\/1372\/revisions\/1978"}],"wp:attachment":[{"href":"https:\/\/iplaneg.guanajuato.gob.mx\/seieg\/wp-json\/wp\/v2\/media?parent=1372"}],"curies":[{"name":"wp","href":"https:\/\/api.w.org\/{rel}","templated":true}]}}